{"id":505,"date":"2023-11-06T12:52:32","date_gmt":"2023-11-06T11:52:32","guid":{"rendered":"https:\/\/consmadrid.esteri.it\/?page_id=505"},"modified":"2026-04-21T15:57:21","modified_gmt":"2026-04-21T13:57:21","slug":"professionisti-di-riferimento","status":"publish","type":"page","link":"https:\/\/consmadrid.esteri.it\/it\/servizi-consolari-e-visti\/servizi-per-il-cittadino-italiano\/professionisti-di-riferimento\/","title":{"rendered":"Professionisti di riferimento"},"content":{"rendered":"<p>Si riportano di seguito i nominativi e i recapiti di alcuni professionisti di riferimento che operano nella circoscrizione consolare di questo Consolato Generale di cui potersi avvalere in caso di necessit\u00e0, ferma restando naturalmente la possibilit\u00e0 di rivolgersi ad altri professionisti di propria fiducia.<\/p>\n<p>Gli elenchi sotto riportati sono stati definiti in base alle richieste d&#8217;inserimento avanzate dagli stessi professionisti e devono quindi considerarsi aperti e non esaustivi, nel senso che potranno in futuro annoverare altri nominativi.<\/p>\n<p><strong>Si precisa che questo Consolato Generale non risponde della qualit\u00e0 del servizio prestato dagli stessi, del loro operato e delle tariffe praticate<\/strong>.<\/p>\n<p>I professionisti individuati soddisfano i\u00a0<strong>seguenti requisiti minimi<\/strong>:<br \/>\n1) conoscenza della lingua italiana e spagnola<br \/>\n2) abilitazione legale all&#8217;esercizio della professione in Spagna con studio legale nella circoscrizione consolare del Consolato Generale a Madrid e iscrizione nel relativo albo e\/o ordine professionale<br \/>\n3) approfondita conoscenza della legislazione locale e italiana nello specifico settore di attivit\u00e0, ovvero rapporti di associazione o collaborazione con analoghi studi in Italia<\/p>\n<p><strong>Importante: i\u00a0<\/strong><strong>professionisti che intendano essere inseriti negli elenchi in oggetto<\/strong>\u00a0dovranno inviare\u00a0<strong>apposita richiesta<\/strong> a questo Consolato Generale (<a href=\"mailto:madrid.coordcons@esteri.it\">madrid.coordcons@esteri.it<\/a>) corredandola di:<br \/>\n&#8211; fotocopia del documento di identit\u00e0<br \/>\n&#8211; curriculum professionale<br \/>\n&#8211; autocertificazione di non aver subito condanne penali e di non avere procedimenti penali in corso<br \/>\n&#8211; autocertificazione circa l&#8217;abilitazione legale all&#8217;esercizio della professione in Spagna\u00a0e l&#8217;iscrizione nel relativo albo\/ordine professionale spagnolo,<br \/>\n&#8211; autocertificazione circa la conoscenza della lingua italiana e spagnola<\/p>\n<p><strong>Per gli avvocati<\/strong>, in aggiunta ai requisiti di cui sopra,\u00a0si richiede altres\u00ec:<br \/>\n&#8211; autocertificazione del conseguimento della laurea in giurisprudenza in\u00a0Italia o del possesso di una specializzazione in diritto italiano<br \/>\n&#8211; iscrizione all&#8217;ordine professionale spagnolo\u00a0da almeno tre anni<br \/>\n&#8211; n. 3 lettere di referenze di cittadini\u00a0o imprese italiani assistiti in Spagna negli ultimi\u00a0tre anni, accompagnate da fotocopia del documento d&#8217;identit\u00e0 dei dichiaranti e da recapiti telefonici e di posta elettronica<\/p>\n<p>&nbsp;<\/p>\n<hr \/>\n<p>&nbsp;<\/p>\n<p><strong>AVVOCATI &#8211; STUDI LEGALI<\/strong><\/p>\n<p>\u00b7<strong>\u00a0MADRID<\/strong><\/p>\n<p><strong>Avv. Rafael CASAS HERRANZ<\/strong><br \/>\nC\/ Sagasta, n. 32, 1\u00ba Dcha. &#8211; 28004 Madrid<br \/>\nTel.: +34 914444430 &#8211; Fax: +34 914444431<br \/>\ne-mail:\u00a0<a href=\"mailto:rafael.casas@rafaelcasasabogados.es\">rafael.casas@rafaelcasasabogados.es<\/a><\/p>\n<p><strong>Avv. Raffaele GIANNATTASIO<\/strong><br \/>\nTKL Abogados<br \/>\nC\/ Fern\u00e1ndez de la hoz, 7\/1\u00ba &#8211; 28010 Madrid<br \/>\nTel.: +34 911250524<br \/>\ne-mail:\u00a0<a href=\"mailto:rgiannattasio@tklabogados.es\">rgiannattasio@tklabogados.es<\/a><br \/>\npg-web:\u00a0<a href=\"http:\/\/www.tklabogados.es\/\">www.tklabogados.es<\/a><\/p>\n<p><strong>Avv. Jaime L. Ense\u00f1at Benlliure<br \/>\n<\/strong>ESTUDIO ENSE\u00d1AT &#8211; FDEZ.ESCRIBANO, Abogados<strong><br \/>\n<\/strong>C\/ Alfonso XII, 46 &#8211;\u00a028014\u00a0Madrid<br \/>\nTel.: +34 914203517 &#8211;\u00a0Fax: +34 914200886.<br \/>\ne-mail:\u00a0<a href=\"mailto:jaime.ensenat@estudioensenat.com\">jaime.ensenat@estudioensenat.com<\/a><br \/>\npg-web:\u00a0<a href=\"http:\/\/www.estudioensenat.com\/\">www.estudioensenat.com<\/a><\/p>\n<p><strong>Avv. Maurizio DI UBALDO<\/strong><br \/>\nAvda. de Brasil, 23 &#8211; 1\/6A &#8211; 28020 Madrid<br \/>\nTel.: +34 915359801<br \/>\n<a href=\"http:\/\/www.diubaldoabogados.com\/\">www.diubaldoabogados.com<\/a><\/p>\n<p><strong>Avv. Luis ZAPATA SA\u00cdZ<br \/>\nAvv. Juan SOLOZABAL ANGLADA<\/strong><br \/>\nC\/ Fern\u00e1ndez de la Hoz, 62\/Bajo-D &#8211; 28010 Madrid<br \/>\nTel.: +34 912794504 &#8211; Fax: +34 914414094<br \/>\ne-mail:\u00a0<a href=\"mailto:jsolozabal@icam.es\">jsolozabal@icam.es<\/a><\/p>\n<p><strong>Avv. Marco BOLOGNINI<\/strong><br \/>\nC\/ Alcal\u00e1, 75\/2\u00ba &#8211; 28009 Madrid<br \/>\nTel.: +34 915775020 &#8211; Fax: +34 915778779<br \/>\ne-mail:\u00a0<a href=\"mailto:mbolognini@maiolegal.com\">mbolognini@maiolegal.com<\/a><br \/>\npg-web:\u00a0<a href=\"http:\/\/www.maiolegal.com\/\">www.maiolegal.com<\/a><\/p>\n<p><strong>Avv. Roberto SPINETTI<br \/>\n<\/strong>Avda. De Bruselas, 54\/1\u00ba-1 &#8211; 28028 Madrid<br \/>\nTel.: +34 913555054 &#8211; Fax: +34 917262369<br \/>\ne-mail:\u00a0<a href=\"mailto:robertospinetti@hotmail.com\">robertospinetti@hotmail.com<\/a><br \/>\npg-web:\u00a0<a href=\"http:\/\/www.robertospinetti.com\/\">www.robertospinetti.com<\/a><\/p>\n<p><strong>Avv. Silvia VENTURI<br \/>\n<\/strong>Moreno Catena &amp; Venturi Abogados<br \/>\nC\/ Villanueva, 33\u00a0&#8211; 2\u00ba dcha.\u00a0&#8211; 28001 Madrid<br \/>\nTel.: +34 917813428 &#8211; Fax: +34 917815520<br \/>\ne-mail:\u00a0<a href=\"mailto:silvia.venturi@moreno-venturi.com\">silvia.venturi@moreno-venturi.com<\/a><br \/>\npg-web:\u00a0<a href=\"http:\/\/www.morenocatena-venturi.com\/\">www.morenocatena-venturi.com<\/a><\/p>\n<p><strong>Avv. Giancarlo Liberati<br \/>\nAvv. Jos\u00e9 Vicente Rubio Eire<\/strong><br \/>\nC\/ Alcal\u00e1, 89 &#8211; 1\u00ba Izq &#8211; 28009 Madrid<br \/>\nTel.: +34 911298702 &#8211;\u00a0Fax:\u00a0+34 911298329<br \/>\ne-mail :\u00a0<a href=\"mailto:g.liberati@liberatiassociati.it\">g.liberati@liberatiassociati.it<\/a>\u00a0\u2013\u00a0<a href=\"mailto:josevicente@rubioasociados.es\">josevicente@rubioasociados.es<\/a><\/p>\n<p><strong>Avv. Mario I. Malvezzi<\/strong><br \/>\ne-mail:\u00a0<a href=\"mailto:marioivo@icamur.org\">marioivo@icamur.org<\/a><\/p>\n<p><strong>Avv. Paula Ib\u00e1\u00f1ez D\u00edez<\/strong><br \/>\nC\/ Javier Ferrero, 10 &#8211; 28002 Madrid<br \/>\nTel.: +34 639630120<br \/>\ne-mail:\u00a0<a href=\"mailto:paula.ibanez@icam.es\">paula.ibanez@icam.es<\/a><br \/>\npg-web:\u00a0<a href=\"https:\/\/justiciatransformadora.com\">https:\/\/justiciatransformadora.com\u00a0<\/a><\/p>\n<p><strong>Avv. Luigi Nazzaro<br \/>\n<\/strong>Pseo. de la Castellana, 155, 2\u00baA &#8211; Madrid<br \/>\nCell.: +34 655394213<br \/>\nemail:\u00a0<a href=\"mailto:avvocatonazzaro@gmail.com\">avvocatonazzaro@gmail.com<\/a><\/p>\n<p><strong>Avv. Vincenzo Zaccaria<\/strong><br \/>\nC\/ Silva 2, 1\u00aa Planta, Puerta 4 \u2013\u00a028013 Madrid<br \/>\nCell.: +34 664092373<br \/>\ne-mail:\u00a0<a href=\"mailto:zaccaria.legalities@gmail.com\">zaccaria.legalities@gmail.com<\/a><\/p>\n<p><strong>Avv. Martina Mastrantoni<\/strong><br \/>\nROCA JUNYENT<br \/>\nGAONA, PALACIO Y ROZADOS Abogados<br \/>\nC\/ Jos\u00e9 Abascal, 56 7\u00ba &#8211; 28003 Madrid<br \/>\nTel.: +34 915991817 &#8211; Cell.: +34 655731049 \/ +39 3470747775<br \/>\ne-mail:\u00a0<a href=\"mailto:mmastrantoni@gprabogados.com\">mmastrantoni@gprabogados.com<\/a><br \/>\npg-web:\u00a0<a href=\"http:\/\/www.gprabogados.com\/\">www.gprabogados.com<\/a><\/p>\n<p style=\"margin: 0cm;\"><strong>Avv. Paola Vitali<\/strong><\/p>\n<p style=\"margin: 0cm;\"><strong><span style=\"font-weight: normal;\">Studio Legale &#8220;Giambrone &amp; Partners&#8221; S.L.P.<\/span><\/strong><br \/>\nC\/ Luchana, 29 bajo centro dcha. &#8211; 28010 Madrid<br \/>\nTel.: +34 911383045<br \/>\ne-mail:\u00a0<a href=\"mailto:info@giambronelaw.com\">info@giambronelaw.com<\/a><\/p>\n<p>&nbsp;<\/p>\n<p><strong>Avv. Heidi Carolina Priore<\/strong><br \/>\nAvda. Filipinas, 40, 5-3 &#8211; Madrid<br \/>\nTel.: +39 3273446865; +34 645973332<br \/>\ne-mail:\u00a0<a href=\"mailto:diritti.info@gmail.com\">diritti.info@gmail.com<\/a>; PEC: <a href=\"mailto:avv.priore@puntopec.it\">avv.priore@puntopec.it<\/a><\/p>\n<p>&nbsp;<\/p>\n<p style=\"margin: 0cm;\"><strong>Avv. Riccardo D&#8217;Angelo<\/strong><\/p>\n<p style=\"margin: 0cm;\"><strong><span style=\"font-weight: normal;\">Studio Legale &#8220;Giambrone &amp; Partners&#8221; S.L.P.<\/span><\/strong><br \/>\nC\/ Luchana, 29 bajo centro dcha. &#8211; 28010 Madrid<br \/>\nTel.: +34 911383045<br \/>\ne-mail:\u00a0<a href=\"mailto:info@giambronelaw.com\">info@giambronelaw.com<\/a><\/p>\n<p>&nbsp;<\/p>\n<p><strong>Avv. Jos\u00e9 Jara Terr\u00e9s<\/strong><br \/>\nStudio Legale &#8220;Bufete Victoria y Asociados&#8221;<br \/>\nC\/ Mayor 4, Piso 6\u00b0, Puerta 6, 28013, Madrid<br \/>\nTel: +34 722616250 \/ +34 913759398<br \/>\ne-mail: <a href=\"mailto:jaraterres@icam.es\">jaraterres@icam.es<\/a><\/p>\n<p>\u00b7\u00a0<strong>ANDALUSIA<\/strong><\/p>\n<p><strong>RBS Abogados Corporate Consulting<br \/>\n<\/strong>C\/ Fabiola 10 &#8211; 41004 Sevilla<br \/>\nTel.: +34 954226964 &#8211; Fax: +34 954228549<br \/>\nCell.: +34 670514751 &#8211; +34 629226540<br \/>\ne-mail:\u00a0<a href=\"mailto:info@rbsabogados.com\">info@rbsabogados.com<\/a>\u00a0\u00a0&#8211;\u00a0<a href=\"mailto:jc@rbsabogados.com\">jc@rbsabogados.com<\/a><br \/>\npg-web:\u00a0<a href=\"http:\/\/www.rbsabogados.com\/\">www.rbsabogados.com<\/a><br \/>\nAmbito territoriale: Andalusia, Extremadura<\/p>\n<p><strong>Avv. Luigi Nazzaro<\/strong><br \/>\nPseo. del Sal\u00f3n, 1\/3 &#8211; Granada<br \/>\nCell.: +34 655394213<br \/>\nC\/ Ntra. Sra. de Gracia, 6, 1-ofic.3, Marbella (Malaga)<br \/>\nCell.: +34 655394213<br \/>\nEmail:\u00a0<a href=\"mailto:avvocatonazzaro@gmail.com\">avvocatonazzaro@gmail.com<\/a><\/p>\n<p><strong>Avv. Giancarlo Liberati<br \/>\nAvv. Jos\u00e9 Vicente Rubio Eire<br \/>\n<\/strong>Avda. Blas Infante, 3\/3\u00baA\u00a0&#8211;\u00a011201 Algeciras<br \/>\nTel.\/Fax: +34 956633546<br \/>\ne-mail :\u00a0<a href=\"mailto:g.liberati@liberatiassociati.it\">g.liberati@liberatiassociati.it<\/a>\u00a0\u2013\u00a0<a href=\"mailto:josevicente@rubioasociados.es\">josevicente@rubioasociados.es<\/a><\/p>\n<p><strong>Avv. Luana Ventre<\/strong><br \/>\n&#8211; C\/Puerto s\/n, Of. 30 &#8211; 11401 Jerez de la Frontera<br \/>\n&#8211; Avda. Ricardo Soriano, 72, Edif. Golden B, 1\u00aa Planta &#8211; 29601 Marbella<br \/>\nTel.: +34 956321023 &#8211; Cell.: +34 616794820<br \/>\ne-mail:\u00a0<a href=\"mailto:studiolegaleventre@hotmail.com\">studiolegaleventre@hotmail.com<\/a><br \/>\npg-web:\u00a0<a href=\"http:\/\/www.luanaventrelawfirm.com\/\">www.luanaventrelawfirm.com<\/a><\/p>\n<p><strong>Avv. Elena Riccio<br \/>\n<\/strong>Alameda de Col\u00f3n 17 &#8211; 29001 Malaga<br \/>\nTel.: +34 951435640 &#8211; Cell.: +34 659832028<br \/>\ne-mail:\u00a0<a href=\"mailto:riccioabogada@gmail.com\">riccioabogada@gmail.com<\/a><br \/>\npg-web:\u00a0<a href=\"http:\/\/www.abogadoelenariccio.com\/\">www.abogadoelenariccio.com<\/a><\/p>\n<p><strong>Avv. Mario Monaco<\/strong><br \/>\nMH Abogados International Law Firm, S.L.P<br \/>\nAvenida de la Constituci\u00f3n, 3\u00baC &#8211; 41004\u00a0Sevilla<br \/>\nTel.: +34\u00a0<span class=\"baec5a81-e4d6-4674-97f3-e9220f0136c1\">954922260 &#8211;\u00a0<\/span>Fax: +34\u00a0<span class=\"baec5a81-e4d6-4674-97f3-e9220f0136c1\">954502899<\/span><br \/>\ne-mail:\u00a0<a href=\"mailto:mariomonaco@mhabogados.es\">mariomonaco@mhabogados.es<\/a><br \/>\npg-web:\u00a0<a href=\"http:\/\/www.mhabogados.es\/\">www.mhabogados.es<\/a><\/p>\n<p><strong>Avv. Martina Mastrantoni<\/strong><br \/>\nROCA JUNYENT<br \/>\nGAONA, PALACIO Y ROZADOS Abogados<br \/>\nC\/ Rioja, 5 &#8211; 41001 Sevilla<br \/>\nTel.: +34 954458106<br \/>\nCell.: +34 655731049 oppure +39 3470747775<br \/>\ne-mail:\u00a0<a href=\"mailto:mmastrantoni@gprabogados.com\">mmastrantoni@gprabogados.com<\/a><br \/>\npg-web:\u00a0<a href=\"http:\/\/www.gprabogados.com\/\">www.gprabogados.com<\/a><\/p>\n<p><strong>Avv. Martina Mastrantoni<\/strong><br \/>\nROCA JUNYENT<br \/>\nGAONA, PALACIO Y ROZADOS Abogados<br \/>\nPza. Uncibay, 3, 3\u00ba &#8211; 29008 M\u00e1laga<br \/>\nTel.: +34 952060007<br \/>\nCell.: +34 655731049 oppure +39 3470747775<br \/>\ne-mail:\u00a0<a href=\"mailto:mmastrantoni@gprabogados.com\">mmastrantoni@gprabogados.com<\/a><br \/>\npg-web:\u00a0<a href=\"http:\/\/www.gprabogados.com\/\">www.gprabogados.com<\/a><\/p>\n<p><strong>Avv. Francesco Caronna<\/strong><br \/>\nMartin &amp; Caronna Abogados y Consultores S.L.P.<br \/>\nC\/ San Eloy, 51, Atico &#8211; 41001 Siviglia<br \/>\nTel: +34 955183671 &#8211; Cell.: +34 658618276<br \/>\ne-mail:\u00a0<a href=\"mailto:flc@martin-caronna.com\">flc@martin-caronna.com<\/a><br \/>\npg-web:\u00a0<a>www.martin-caronna.com<\/a><\/p>\n<p><strong>Avv. Andrea Rossignoli<\/strong><br \/>\nPlaza De La Marina n.2 &#8211; 29015 Malaga<br \/>\nCell.: +34 661661574 &#8211; 661077357<br \/>\nemail:\u00a0<a href=\"mailto:andrearossignoli@icamalaga.org\">andrearossignoli@icamalaga.org<\/a><br \/>\nsito web:\u00a0<a href=\"http:\/\/www.andrearossignoli.com\/\">www.andrearossignoli.com<\/a><\/p>\n<p>\u00b7\u00a0<strong>ASTURIE e LE\u00d3N<\/strong><\/p>\n<p><strong>Avv. Paolo ERCOLANI<\/strong><br \/>\nC\/ Virgilio Palacio, 1 \u2013 33013 Oviedo<br \/>\nTel.: +34 985965974<br \/>\ne-mail:\u00a0<a href=\"mailto:info@abogadoercolani.es\">info@abogadoercolani.es<\/a><br \/>\npg-web: <a href=\"http:\/\/www.abogadoercolani.com\">www.abogadoercolani.com<\/a><\/p>\n<p>\u00b7\u00a0<strong>CANTABRIA<\/strong><\/p>\n<p><strong>Avv. Antonio NAHARRO QUIR\u00d3S<br \/>\n<\/strong>C\/ Amos de Escalante, 3\/2\u00ba izq. &#8211; 39002 Santander<br \/>\nTel.: +34 942312261 &#8211; Fax: +34 942312201<br \/>\ne-mail:\u00a0<a href=\"mailto:correo_tomavoy@hotmail.com\">correo_tomavoy@hotmail.com<\/a><\/p>\n<p>\u00b7\u00a0<strong>GALIZIA<\/strong><\/p>\n<p><strong>Avv. Giorgio BENIGNI LE\u00d3N<\/strong><br \/>\nAbogado \u00b7 Col. 4.347 del I.C.A. Coru\u00f1a<br \/>\nC\/ Juan Fl\u00f3rez n\u00famero 129, 6\u00ba-Izq. &#8211; 15005 A Coru\u00f1a<br \/>\nTel.: +34 981244533 \/ 609609930 &#8211; Fax: +34 981244533<br \/>\ne-mail:\u00a0<a href=\"mailto:jbenigni@gmail.com\">jbenigni@gmail.com<\/a><\/p>\n<p><strong>Avv. Giancarlo Liberati<br \/>\nAvv. Jos\u00e9 Vicente Rubio Eire<\/strong><br \/>\nAvda. de Zamora, 12 &#8211; 32005 Orense<br \/>\nTel.: +34 639022182 \u2013 Fax: +34 911298329<br \/>\ne-mail :\u00a0<a href=\"mailto:g.liberati@liberatiassociati.it\">g.liberati@liberatiassociati.it<\/a>\u00a0\u2013\u00a0<a href=\"mailto:josevicente@rubioasociados.es\">josevicente@rubioasociados.es<\/a><\/p>\n<p><strong>Avv. Luigi Nazzaro<\/strong><br \/>\nC\/\u00a0Paseo, 26\/1A\u00a0&#8211;\u00a032003 Orense<br \/>\nTel.: +34 988601119 &#8211; Fax: +34 988613039<br \/>\nCell.: +34 655394213<br \/>\ne-mail:\u00a0<a>avvocatonazzaro@gmail.com<\/a><\/p>\n<p><strong>Avv. Nadia Vassallo<\/strong><br \/>\nC\/ Real, 1\/piso 2\u00ba &#8211; 15003 A Coru\u00f1a<br \/>\nTel.: +34 981227729 &#8211; +34 981213408<br \/>\nemail:\u00a0<a href=\"mailto:nadiavassallo@icacor.es\">nadiavassallo@icacor.es<\/a><\/p>\n<p>&nbsp;<\/p>\n<p><strong>\u00b7 PAESI BASCHI<\/strong><\/p>\n<p><strong>Avv. Rossella Lo Galbo<\/strong><br \/>\nAlameda de Urquijo, 12\/entrepl.izq. &#8211; 48008 Bilbao<br \/>\nTel.: +34 944793400<br \/>\ne-mail:\u00a0<a href=\"mailto:r.logalbo@barrilero.es\">r.logalbo@barrilero.es<\/a><br \/>\npg-web:\u00a0<a href=\"https:\/\/www.barrilero.com\/\">https:\/\/www.barrilero.com<\/a><\/p>\n<hr \/>\n<p>&nbsp;<\/p>\n<p><strong>MEDICI E ODONTOIATRI<\/strong><\/p>\n<ul>\n<li><strong>MADRID<\/strong><\/li>\n<\/ul>\n<p><strong>Dott.ssa Nelly Habed MAGAGNINI<br \/>\n<\/strong>C\/ Costa Rica, n. 24 &#8211; 28016 Madrid<br \/>\nCell.: +34 609116611<br \/>\ne-mail:\u00a0<a href=\"mailto:nhmagagnini@gmail\">nhmagagnini@gmail<\/a><\/p>\n<p><strong>Dott.ssa Matilde TRICARICO<\/strong><br \/>\nPediatria<br \/>\nC\/ Orense n. 33\/8\u00baB &#8211; 28020 Madrid<br \/>\nTel.: +34 915557268<\/p>\n<p><strong>Dott.ssa Laura\u00a0PAVESI<br \/>\n<\/strong>Ginecologia<br \/>\nCentro de Especialidades Moratalaz<br \/>\nTel.: +34 913522806 (dalle\u00a0ore 15 in poi)<br \/>\nC\/\u00a0Hacienda de Pavones, s\/n\u00ba\u00a0&#8211; 28030 Madrid<\/p>\n<p><strong>Dott. Mikel ARAMBERRI GUTI\u00c9RREZ<\/strong><br \/>\nChirurgia ortopedica e traumatologia<br \/>\nC\/ Arturo Soria, 342 &#8211; 28033 Madrid<br \/>\nTel.: +34 910092913<br \/>\ne-mail:\u00a0<a href=\"mailto:aramberri@centroalai.es\">aramberri@centroalai.es<\/a><br \/>\npg-web:\u00a0<a href=\"http:\/\/www.centroalai.es\/\">www.centroalai.es<\/a><\/p>\n<p><strong>Dott. Antonio Maria IERULLO<\/strong><br \/>\nOstetricia e ginecologia &#8211; Hospital San Jos\u00e9 (riceve ogni marted\u00ec e venerd\u00ec pomeriggio)<br \/>\nC\/ Cartagena 111 &#8211; 28002 Madrid<br \/>\ne-mail:\u00a0<a href=\"mailto:am.ierullo@gmail.com\">am.ierullo@gmail.com<\/a><\/p>\n<p><strong>Dott.ssa Rosa Maria DAURELIO<\/strong><br \/>\nGinecologia (specializzazione in riproduzione assistita)<br \/>\nInstituto Bernabeu Madrid &#8211; C\/ Ayala 48 e C\/ Velazquez 48<br \/>\nTel.: +34 918 333 882<br \/>\ne-mail:\u00a0<a href=\"mailto:rmdaurelio@institutobernabeu.com\">rmdaurelio@institutobernabeu.com<\/a><br \/>\npg-web:\u00a0<a href=\"http:\/\/www.institutobernabeu.com\/\">www.institutobernabeu.com<\/a><\/p>\n<p><strong>Dott. Fabrizio LANDI<\/strong><br \/>\nOdontoiatra<br \/>\nClinica Landi \u2013 Odontologia Integral<br \/>\nc\/ Blasco de Garay, 63 \u2013 28015 Madrid<br \/>\nTel.: +34 91 7959225<br \/>\nCell.: +34 606559326<br \/>\ne-mail: <a href=\"mailto:info@clinicalandi.com\">info@clinicalandi.com<\/a><br \/>\npg-web:\u00a0<a href=\"http:\/\/www.clinicalandi.com\">www.clinicalandi.com<\/a><\/p>\n<p>&nbsp;<\/p>\n<p>&nbsp;<\/p>\n<ul>\n<li><strong>PAESI BASCHI<\/strong><\/li>\n<\/ul>\n<p><strong>Dott. Giacomo De Benedetti<\/strong><br \/>\nMedico Oftalmologo<br \/>\nClinica La Asunci\u00f3n &#8211; Ctra. de Izaskun s\/n &#8211; 20400 Tolosa<br \/>\nCentro M\u00e9dico Arrasate &#8211; C\/Arrasate 53 &#8211; 20005 San Sebasti\u00e1n<br \/>\nTel.: +34 943697000 Tolosa &#8211; +34 943463544 San Sebasti\u00e1n<br \/>\ne-mail:\u00a0<a href=\"mailto:gdebe70@gmail.com\">gdebe70@gmail.com<\/a><\/p>\n<p>&nbsp;<\/p>\n<p>&nbsp;<\/p>\n<p><strong>PSICOTERAPEUTI &#8211; PSICOLOGI<\/strong><\/p>\n<p><strong>Dott.ssa Silvia MONTANARI<\/strong><br \/>\nPsicoterapeuta<br \/>\nC\/ Rafael Calvo n. 42\/Esc.dcha.\/1\u00ba.dcha. &#8211; 28010 Madrid<br \/>\nCell.: +34 626832740<br \/>\ne-mail:\u00a0<a href=\"mailto:info@montanarisilvia.com\">info@montanarisilvia.com<\/a><br \/>\npg-web:\u00a0<a href=\"http:\/\/www.montanarisilvia.com\/\">www.montanarisilvia.com<\/a><\/p>\n<p><strong>Dott. Carlo CATTANEO<\/strong><br \/>\nPsicologo e psicoterapeuta<br \/>\nC\/ de los Ca\u00f1os del Peral, 5 &#8211;\u00a028013 Madrid<br \/>\nTel.: +34 644250569<br \/>\ne-mail:\u00a0<a href=\"mailto:c.cattaneo@cop.es\">c.cattaneo@cop.es<\/a><br \/>\npg-web: <a href=\"http:\/\/www.psicologoitaliano.com\">www.psicologoitaliano.com<\/a><\/p>\n<p><strong>Dott. Nicol\u00e1s Alejandro LEZAMA MAZZINI<br \/>\n<\/strong>Psicologo e psicanalista<br \/>\nC\/ Juan Bravo, 41 Bajo &#8211; 28006\u00a0Madrid<br \/>\nTel.: +34 646713938<br \/>\ne-mail:\u00a0<a href=\"mailto:nicolaslezamamazzini@gmail.com\">nicolaslezamamazzini@gmail.com<\/a><\/p>\n<p><strong>Dott. Giuseppe IANDOLO<\/strong><br \/>\nPsicologo e psicoterapeuta<br \/>\nC\/ Albendiego, 7 &#8211; 28029 Madrid<br \/>\nTel.: +34 913230839<br \/>\ne-mail:\u00a0<a href=\"mailto:giuseppe.iandolo@psisemadrid.es\">giuseppe.iandolo@psisemadrid.es<\/a><br \/>\npg-web:\u00a0<a href=\"http:\/\/www.psisemadrid.es\/\">www.psisemadrid.es<\/a><\/p>\n<p><strong>Dott.ssa Valentina PIERMATTEI<\/strong><br \/>\nPsicologa e psicoterapeuta<br \/>\nPza. de la Constituci\u00f3n n.4 \u00e1tico 1 &#8211; 28760 Tres Cantos (Madrid)<br \/>\nTel.: +34 644260992<br \/>\ne-mail:\u00a0<a href=\"mailto:piermattei.valentina@gmail.com\">piermattei.valentina@gmail.com<\/a><\/p>\n<p><strong>Dott. Mario De Matteis<\/strong><br \/>\nMedico Psichiatra &#8211; Centro Zeine<br \/>\nC\/ Fern\u00e1ndez de la Hoz, 62 &#8211; entresuelo B &#8211; 28010 Madrid<br \/>\nTel.: +34 911423454<br \/>\nOrario: 16:00 a 20:00<br \/>\nemail:\u00a0<a href=\"mailto:mardematt@hotmai.it\">mardematt@hotmai.it<\/a><\/p>\n<p><strong>Dott.ssa Valeria Moriconi<\/strong><br \/>\nPsicologa, psicoterapeuta e psicooncologa<br \/>\nAvda. de Portugal, 3, Bajo Izquierda, Madrid<br \/>\nTel.: +34 624 835 319<br \/>\ne-mail: <a href=\"mailto:info@abiertamentepsicologia.com\">info@abiertamentepsicologia.com<\/a><br \/>\npg-web: <a href=\"http:\/\/www.abiertamentepsicologia.com\">www.abiertamentepsicologia.com<\/a><\/p>\n<p>&nbsp;<\/p>\n<p>&nbsp;<\/p>\n<p>&nbsp;<\/p>\n","protected":false},"excerpt":{"rendered":"Si riportano di seguito i nominativi e i recapiti di alcuni professionisti di riferimento che operano nella circoscrizione consolare di questo Consolato Generale di cui potersi avvalere in caso di necessit\u00e0, ferma restando naturalmente la possibilit\u00e0 di rivolgersi ad altri professionisti di propria fiducia. Gli elenchi sotto riportati sono stati definiti in base alle richieste [&hellip;]","protected":false},"author":5,"featured_media":0,"parent":59,"menu_order":15,"comment_status":"closed","ping_status":"closed","template":"","meta":{"footnotes":""},"class_list":["post-505","page","type-page","status-publish","hentry"],"_links":{"self":[{"href":"https:\/\/consmadrid.esteri.it\/it\/wp-json\/wp\/v2\/pages\/505","targetHints":{"allow":["GET"]}}],"collection":[{"href":"https:\/\/consmadrid.esteri.it\/it\/wp-json\/wp\/v2\/pages"}],"about":[{"href":"https:\/\/consmadrid.esteri.it\/it\/wp-json\/wp\/v2\/types\/page"}],"author":[{"embeddable":true,"href":"https:\/\/consmadrid.esteri.it\/it\/wp-json\/wp\/v2\/users\/5"}],"replies":[{"embeddable":true,"href":"https:\/\/consmadrid.esteri.it\/it\/wp-json\/wp\/v2\/comments?post=505"}],"version-history":[{"count":9,"href":"https:\/\/consmadrid.esteri.it\/it\/wp-json\/wp\/v2\/pages\/505\/revisions"}],"predecessor-version":[{"id":7094,"href":"https:\/\/consmadrid.esteri.it\/it\/wp-json\/wp\/v2\/pages\/505\/revisions\/7094"}],"up":[{"embeddable":true,"href":"https:\/\/consmadrid.esteri.it\/it\/wp-json\/wp\/v2\/pages\/59"}],"wp:attachment":[{"href":"https:\/\/consmadrid.esteri.it\/it\/wp-json\/wp\/v2\/media?parent=505"}],"curies":[{"name":"wp","href":"https:\/\/api.w.org\/{rel}","templated":true}]}}