{"id":21,"date":"2023-04-03T18:25:01","date_gmt":"2023-04-03T16:25:01","guid":{"rendered":"https:\/\/consolatozurigo.esteri.it\/?page_id=21"},"modified":"2023-04-03T18:25:01","modified_gmt":"2023-04-03T16:25:01","slug":"news","status":"publish","type":"page","link":"https:\/\/consmadrid.esteri.it\/it\/news\/","title":{"rendered":"Notizie"},"content":{"rendered":"        <div class=\"row\">\n\t\t\t<!-- Ricerca sedi post -->\n\t\t\t<div class=\"col-12 mt-4\">\n\t\t\t  <div class=\"callout callout-highlight note ricerca-esteri p-4\">\n                    <div class=\"callout-title\">\n                        <svg class=\"icon\">\n                            <use xlink:href=\"https:\/\/consmadrid.esteri.it\/wp-content\/themes\/sedi-tema\/assets\/svg\/sprites.svg#it-search\"><\/use>\n                        <\/svg>Inserisci i parametri di ricerca                    <\/div>\n                    <form id=\"searchFormPost\" name=\"form-search-post\" class=\"form-row align-items-center\" action=\"https:\/\/consmadrid.esteri.it\/it\/wp-json\/wp\/v2\/pages\/21\/\" method=\"GET\"> \n                        <!-- <div class=\"form-group pt-5\"> -->\n                            <!-- <input type=\"hidden\" id=\"lang\" name=\"lang\" value=\"\"> --> <!-- <\/div> -->\n\n                        <div class=\"it-datepicker-wrapper\">\n                            <div class=\"row\">\n                                <div class=\"form-group col-md-6\">\n                                    <label class=\"active\" for=\"date-init\">Dal<\/label>\n                                    <input class=\"form-control\" name=\"date-init\" id=\"date-init\" type=\"date\" placeholder=\"gg\/mm\/aaaa\" value=\"\"lang=\"en-EN\">  \n                                <\/div>\n                                <div class=\"form-group col-md-6\">\n                                    <label class=\"active\" for=\"date-end\">Al<\/label>\n                                    <input class=\"form-control\" name=\"date-end\" id=\"date-end\" type=\"date\" placeholder=\"gg\/mm\/aaaa\" value=\"\">\n                                <\/div>\n                            <\/div>\n                        <\/div>\n                        <div class=\"form-group col-md-12 mt-3\">\n                            <label for=\"searchText\">Campo ricerca libera<\/label>\n                            <input type=\"text\" name=\"searchText\" class=\"form-control\" id=\"searchText\" value=\"\">\n                        <\/div>\n                        <div class=\"form-group col-md-4 offset-md-8 text-end\">\n                            <a href=\"https:\/\/consmadrid.esteri.it\/it\/news\/\" title=\"Form reset\" id=\"resetImput\" class=\"btn btn-outline-primary btn-xs\">Reset<\/a>\n                            <button type=\"submit\" class=\"btn btn-primary btn-xs\">Mostra risultati<\/button>\n                        <\/div>\n                    <\/form>\n\t\t\t\t<\/div>\n\t\t\t<\/div>\n\t\t<\/div>\n                    \n            <div class=\"row\">\n                            <div class=\"col-12 mt-3\">\n                <!--start card-->\n                <div class=\"card-wrapper card-space\">\n                    <div class=\"card card-bg card-big border-bottom-card\">\n                        <div class=\"card-body \">\n                                                        <div class=\"category-top\">\n                                                                                                            <span class=\"\">\n                                        <svg class=\"icon icon-secondary\">\n                                            <use xlink:href=\"https:\/\/consmadrid.esteri.it\/wp-content\/themes\/sedi-tema\/assets\/svg\/sprites.svg#it-calendar\"><\/use>\n                                        <\/svg> 2 Settembre 2026                                    <\/span>\n                                                                    <\/div>\n                            <h5 class=\"card-title big-heading text-uppercase\"><a class=\"text-body text-decoration-none\" href=\"https:\/\/consmadrid.esteri.it\/it\/news\/dal_consolato\/2026\/09\/partita-di-calcio-real-madrid-inter-champions-league-stadio-santiago-bernabeu-madrid\/\" title=\"Partita di Calcio Real Madrid &#8211; Inter, Champions League, Stadio Santiago Bernabeu, Madrid, marted\u00ec 8 settembre 2026\">Partita di Calcio Real Madrid &#8211; Inter, Champions League, Stadio Santiago Bernabeu, Madrid, marted\u00ec 8 settembre 2026<\/a><\/h5>\n                            <p class=\"card-text\">In occasione della partita di calcio Real Madrid &#8211; Inter a che si terr\u00e0 allo Stadio Santiago Bernabeu, Madrid il prossimo marted\u00ec 8 settembre 2026 alle ore 21 il Consolato Generale d\u2019Italia a Madrid garantisce un servizio di reperibilit\u00e0 destinato alle sole emergenze \u2013 cell. (+34) 629 842 287 \u2013 che sar\u00e0 attivo lo stesso [&hellip;]<\/p>\n                                <a title=\"Partita di Calcio Real Madrid &#8211; Inter, Champions League, Stadio Santiago Bernabeu, Madrid, marted\u00ec 8 settembre 2026\" class=\"read-more\" href=\"https:\/\/consmadrid.esteri.it\/it\/news\/dal_consolato\/2026\/09\/partita-di-calcio-real-madrid-inter-champions-league-stadio-santiago-bernabeu-madrid\/\">\n                                    <span class=\"text\">Leggi di pi\u00f9<\/span>\n                                    <svg class=\"icon\">\n                                    <use xlink:href=\"https:\/\/consmadrid.esteri.it\/wp-content\/themes\/sedi-tema\/assets\/svg\/sprites.svg#it-arrow-right\"><\/use>\n                                    <\/svg>\n                                <\/a>\n                                                    <\/div>\n                    <\/div>\n                <\/div>\n                <!--end card-->\n                <\/div><!-- col-12 .mt-3-->\n                            <div class=\"col-12 mt-3\">\n                <!--start card-->\n                <div class=\"card-wrapper card-space\">\n                    <div class=\"card card-bg card-big border-bottom-card\">\n                        <div class=\"card-body \">\n                                                        <div class=\"category-top\">\n                                                                                                            <span class=\"\">\n                                        <svg class=\"icon icon-secondary\">\n                                            <use xlink:href=\"https:\/\/consmadrid.esteri.it\/wp-content\/themes\/sedi-tema\/assets\/svg\/sprites.svg#it-calendar\"><\/use>\n                                        <\/svg> 8 Agosto 2026                                    <\/span>\n                                                                    <\/div>\n                            <h5 class=\"card-title big-heading text-uppercase\"><a class=\"text-body text-decoration-none\" href=\"https:\/\/consmadrid.esteri.it\/it\/news\/dal_consolato\/2026\/08\/assistenza-consolare-per-i-cittadini-italiani-in-spagna\/\" title=\"Assistenza consolare per i cittadini Italiani in Spagna\">Assistenza consolare per i cittadini Italiani in Spagna<\/a><\/h5>\n                            <p class=\"card-text\">A seguito della decisione del governo spagnolo di ripristinare i controlli alle frontiere interne nei porti e negli aeroporti per i viaggiatori provenienti dall\u2019Italia, la Farnesina ha rafforzato l\u2019assistenza dei consolati e dei suoi uffici diretta ai connazionali presenti in Spagna o in viaggio. E\u2019 stata aggiornata la pagina dedicata alla Spagna sul portale Viaggiare [&hellip;]<\/p>\n                                <a title=\"Assistenza consolare per i cittadini Italiani in Spagna\" class=\"read-more\" href=\"https:\/\/consmadrid.esteri.it\/it\/news\/dal_consolato\/2026\/08\/assistenza-consolare-per-i-cittadini-italiani-in-spagna\/\">\n                                    <span class=\"text\">Leggi di pi\u00f9<\/span>\n                                    <svg class=\"icon\">\n                                    <use xlink:href=\"https:\/\/consmadrid.esteri.it\/wp-content\/themes\/sedi-tema\/assets\/svg\/sprites.svg#it-arrow-right\"><\/use>\n                                    <\/svg>\n                                <\/a>\n                                                    <\/div>\n                    <\/div>\n                <\/div>\n                <!--end card-->\n                <\/div><!-- col-12 .mt-3-->\n                            <div class=\"col-12 mt-3\">\n                <!--start card-->\n                <div class=\"card-wrapper card-space\">\n                    <div class=\"card card-bg card-big border-bottom-card\">\n                        <div class=\"card-body \">\n                                                        <div class=\"category-top\">\n                                                                                                            <span class=\"\">\n                                        <svg class=\"icon icon-secondary\">\n                                            <use xlink:href=\"https:\/\/consmadrid.esteri.it\/wp-content\/themes\/sedi-tema\/assets\/svg\/sprites.svg#it-calendar\"><\/use>\n                                        <\/svg> 6 Agosto 2026                                    <\/span>\n                                                                    <\/div>\n                            <h5 class=\"card-title big-heading text-uppercase\"><a class=\"text-body text-decoration-none\" href=\"https:\/\/consmadrid.esteri.it\/it\/news\/dal_consolato\/2026\/08\/avviso-di-selezione-di-personale-docente-a-tempo-indeterminato-con-contratto-locale-lengua-espanola-y-ciencias-sociales-per-la-scuola-primaria-e-per-le-prime-classi-della-scuola-seco\/\" title=\"Scuola Statale Italiana di Madrid &#8211; Avvisi di selezione di personale docente\">Scuola Statale Italiana di Madrid &#8211; Avvisi di selezione di personale docente<\/a><\/h5>\n                            <p class=\"card-text\">Si comunica che la Scuola Statale Italiana di Madrid ha pubblicato i seguenti avvisi di selezione di personale docente: 1. Avviso di selezione di personale docente a tempo indeterminato con contratto locale \u201cLengua Espa\u00f1ola y Ciencias Sociales\u201d per la Scuola Primaria e per le prime classi della Scuola Secondaria di 1\u00ba Grado: https:\/\/www.scuolamadrid.org\/pagine\/lengua-espaola-y-ciencias-sociales-primaria 2. Avviso [&hellip;]<\/p>\n                                <a title=\"Scuola Statale Italiana di Madrid &#8211; Avvisi di selezione di personale docente\" class=\"read-more\" href=\"https:\/\/consmadrid.esteri.it\/it\/news\/dal_consolato\/2026\/08\/avviso-di-selezione-di-personale-docente-a-tempo-indeterminato-con-contratto-locale-lengua-espanola-y-ciencias-sociales-per-la-scuola-primaria-e-per-le-prime-classi-della-scuola-seco\/\">\n                                    <span class=\"text\">Leggi di pi\u00f9<\/span>\n                                    <svg class=\"icon\">\n                                    <use xlink:href=\"https:\/\/consmadrid.esteri.it\/wp-content\/themes\/sedi-tema\/assets\/svg\/sprites.svg#it-arrow-right\"><\/use>\n                                    <\/svg>\n                                <\/a>\n                                                    <\/div>\n                    <\/div>\n                <\/div>\n                <!--end card-->\n                <\/div><!-- col-12 .mt-3-->\n                            <div class=\"col-12 mt-3\">\n                <!--start card-->\n                <div class=\"card-wrapper card-space\">\n                    <div class=\"card card-bg card-big border-bottom-card\">\n                        <div class=\"card-body \">\n                                                        <div class=\"category-top\">\n                                                                                                            <span class=\"\">\n                                        <svg class=\"icon icon-secondary\">\n                                            <use xlink:href=\"https:\/\/consmadrid.esteri.it\/wp-content\/themes\/sedi-tema\/assets\/svg\/sprites.svg#it-calendar\"><\/use>\n                                        <\/svg> 21 Luglio 2026                                    <\/span>\n                                                                    <\/div>\n                            <h5 class=\"card-title big-heading text-uppercase\"><a class=\"text-body text-decoration-none\" href=\"https:\/\/consmadrid.esteri.it\/it\/news\/dal_consolato\/2026\/07\/elezioni-dei-comites-2026\/\" title=\"Elezioni dei COMITES 2026\">Elezioni dei COMITES 2026<\/a><\/h5>\n                            <p class=\"card-text\">Nel 2026 avranno luogo le elezioni per il per il rinnovo dei Comitati degli Italiani all\u2019Estero (Com.It.Es). \u00a0 I Com.It.Es. sono organismi che rappresentano i connazionali all\u2019estero nei rapporti con Ambasciate e Consolati e ne favoriscono l\u2019integrazione. Hanno inoltre il compito di preservare la memoria storica dell\u2019emigrazione italiana e valorizzare il contributo italiano nelle societ\u00e0 [&hellip;]<\/p>\n                                <a title=\"Elezioni dei COMITES 2026\" class=\"read-more\" href=\"https:\/\/consmadrid.esteri.it\/it\/news\/dal_consolato\/2026\/07\/elezioni-dei-comites-2026\/\">\n                                    <span class=\"text\">Leggi di pi\u00f9<\/span>\n                                    <svg class=\"icon\">\n                                    <use xlink:href=\"https:\/\/consmadrid.esteri.it\/wp-content\/themes\/sedi-tema\/assets\/svg\/sprites.svg#it-arrow-right\"><\/use>\n                                    <\/svg>\n                                <\/a>\n                                                    <\/div>\n                    <\/div>\n                <\/div>\n                <!--end card-->\n                <\/div><!-- col-12 .mt-3-->\n                            <div class=\"col-12 mt-3\">\n                <!--start card-->\n                <div class=\"card-wrapper card-space\">\n                    <div class=\"card card-bg card-big border-bottom-card\">\n                        <div class=\"card-body \">\n                                                        <div class=\"category-top\">\n                                                                                                            <span class=\"\">\n                                        <svg class=\"icon icon-secondary\">\n                                            <use xlink:href=\"https:\/\/consmadrid.esteri.it\/wp-content\/themes\/sedi-tema\/assets\/svg\/sprites.svg#it-calendar\"><\/use>\n                                        <\/svg> 14 Luglio 2026                                    <\/span>\n                                                                    <\/div>\n                            <h5 class=\"card-title big-heading text-uppercase\"><a class=\"text-body text-decoration-none\" href=\"https:\/\/consmadrid.esteri.it\/it\/news\/dal_consolato\/2026\/07\/cessazione-della-validita-della-carta-didentita-cartacea-per-lespatrio-dal-3-agosto\/\" title=\"Cessazione della validit\u00e0 della carta d\u2019identit\u00e0 cartacea per l\u2019espatrio dal 3 agosto\">Cessazione della validit\u00e0 della carta d\u2019identit\u00e0 cartacea per l\u2019espatrio dal 3 agosto<\/a><\/h5>\n                            <p class=\"card-text\">&nbsp; A partire dal 3 agosto 2026 la versione cartacea della carta di identit\u00e0 cesser\u00e0 di essere valida per l\u2019espatrio, indipendentemente dalla data di scadenza riportata sul retro. Il DL 26\/06\/2026 n.108 ha introdotto alcune modifiche importanti: La Carta d\u2019Identit\u00e0 Cartacea non scaduta pu\u00f2 essere utilizzata come strumento identificativo nei rapporti con la Pubblica Amministrazione [&hellip;]<\/p>\n                                <a title=\"Cessazione della validit\u00e0 della carta d\u2019identit\u00e0 cartacea per l\u2019espatrio dal 3 agosto\" class=\"read-more\" href=\"https:\/\/consmadrid.esteri.it\/it\/news\/dal_consolato\/2026\/07\/cessazione-della-validita-della-carta-didentita-cartacea-per-lespatrio-dal-3-agosto\/\">\n                                    <span class=\"text\">Leggi di pi\u00f9<\/span>\n                                    <svg class=\"icon\">\n                                    <use xlink:href=\"https:\/\/consmadrid.esteri.it\/wp-content\/themes\/sedi-tema\/assets\/svg\/sprites.svg#it-arrow-right\"><\/use>\n                                    <\/svg>\n                                <\/a>\n                                                    <\/div>\n                    <\/div>\n                <\/div>\n                <!--end card-->\n                <\/div><!-- col-12 .mt-3-->\n                            <div class=\"col-12 mt-3\">\n                <!--start card-->\n                <div class=\"card-wrapper card-space\">\n                    <div class=\"card card-bg card-big border-bottom-card\">\n                        <div class=\"card-body \">\n                                                        <div class=\"category-top\">\n                                                                                                            <span class=\"\">\n                                        <svg class=\"icon icon-secondary\">\n                                            <use xlink:href=\"https:\/\/consmadrid.esteri.it\/wp-content\/themes\/sedi-tema\/assets\/svg\/sprites.svg#it-calendar\"><\/use>\n                                        <\/svg> 8 Giugno 2026                                    <\/span>\n                                                                    <\/div>\n                            <h5 class=\"card-title big-heading text-uppercase\"><a class=\"text-body text-decoration-none\" href=\"https:\/\/consmadrid.esteri.it\/it\/news\/dal_consolato\/2026\/06\/conferenza-dei-consoli-ditalia-nel-mondo\/\" title=\"CONFERENZA DEI CONSOLI D\u2019ITALIA NEL MONDO\">CONFERENZA DEI CONSOLI D\u2019ITALIA NEL MONDO<\/a><\/h5>\n                            <p class=\"card-text\">Hai una domanda per i Consoli italiani? Alla Conferenza dei Consoli d\u2019Italia nel mondo (12-13 giugno), daremo voce alla comunit\u00e0 italiana all&#8217;estero! Scrivi a consoli2026@esteri.it inviando le tue domande o esigenze. Quali servizi ritieni prioritari? Cosa miglioreresti? Quali domande vuoi far arrivare ai Consoli d\u2019Italia? Risponderemo a tutte le vostre domande. Alcuni contributi selezionati saranno [&hellip;]<\/p>\n                                <a title=\"CONFERENZA DEI CONSOLI D\u2019ITALIA NEL MONDO\" class=\"read-more\" href=\"https:\/\/consmadrid.esteri.it\/it\/news\/dal_consolato\/2026\/06\/conferenza-dei-consoli-ditalia-nel-mondo\/\">\n                                    <span class=\"text\">Leggi di pi\u00f9<\/span>\n                                    <svg class=\"icon\">\n                                    <use xlink:href=\"https:\/\/consmadrid.esteri.it\/wp-content\/themes\/sedi-tema\/assets\/svg\/sprites.svg#it-arrow-right\"><\/use>\n                                    <\/svg>\n                                <\/a>\n                                                    <\/div>\n                    <\/div>\n                <\/div>\n                <!--end card-->\n                <\/div><!-- col-12 .mt-3-->\n                            <div class=\"col-12 mt-3\">\n                <!--start card-->\n                <div class=\"card-wrapper card-space\">\n                    <div class=\"card card-bg card-big border-bottom-card\">\n                        <div class=\"card-body \">\n                                                        <div class=\"category-top\">\n                                                                                                            <span class=\"\">\n                                        <svg class=\"icon icon-secondary\">\n                                            <use xlink:href=\"https:\/\/consmadrid.esteri.it\/wp-content\/themes\/sedi-tema\/assets\/svg\/sprites.svg#it-calendar\"><\/use>\n                                        <\/svg> 5 Maggio 2026                                    <\/span>\n                                                                    <\/div>\n                            <h5 class=\"card-title big-heading text-uppercase\"><a class=\"text-body text-decoration-none\" href=\"https:\/\/consmadrid.esteri.it\/it\/news\/dal_consolato\/2026\/05\/avviso-di-assunzione-di-un-impiegato-a-contratto-presso-listituto-italiano-di-cultura-di-madrid\/\" title=\"AVVISO DI ASSUNZIONE DI UN IMPIEGATO A CONTRATTO PRESSO L\u2019ISTITUTO ITALIANO DI CULTURA DI MADRID\">AVVISO DI ASSUNZIONE DI UN IMPIEGATO A CONTRATTO PRESSO L\u2019ISTITUTO ITALIANO DI CULTURA DI MADRID<\/a><\/h5>\n                            <p class=\"card-text\">Avviso di assunzione di n\u00b0 1 impiegato a contratto a tempo indeterminato da adibire ai servizi di collaboratore amministrativo nel settore contabilit\u00e0-manifestazioni culturali-traduzione. Avviso di assunzione Fac-simile domanda di ammissione Le domande di ammissione alle prove dovranno essere presentate\u00a0entro e non oltre le ore 23:59 del giorno 19 maggio 2026.<\/p>\n                                <a title=\"AVVISO DI ASSUNZIONE DI UN IMPIEGATO A CONTRATTO PRESSO L\u2019ISTITUTO ITALIANO DI CULTURA DI MADRID\" class=\"read-more\" href=\"https:\/\/consmadrid.esteri.it\/it\/news\/dal_consolato\/2026\/05\/avviso-di-assunzione-di-un-impiegato-a-contratto-presso-listituto-italiano-di-cultura-di-madrid\/\">\n                                    <span class=\"text\">Leggi di pi\u00f9<\/span>\n                                    <svg class=\"icon\">\n                                    <use xlink:href=\"https:\/\/consmadrid.esteri.it\/wp-content\/themes\/sedi-tema\/assets\/svg\/sprites.svg#it-arrow-right\"><\/use>\n                                    <\/svg>\n                                <\/a>\n                                                    <\/div>\n                    <\/div>\n                <\/div>\n                <!--end card-->\n                <\/div><!-- col-12 .mt-3-->\n                            <div class=\"col-12 mt-3\">\n                <!--start card-->\n                <div class=\"card-wrapper card-space\">\n                    <div class=\"card card-bg card-big border-bottom-card\">\n                        <div class=\"card-body \">\n                                                        <div class=\"category-top\">\n                                                                                                            <span class=\"\">\n                                        <svg class=\"icon icon-secondary\">\n                                            <use xlink:href=\"https:\/\/consmadrid.esteri.it\/wp-content\/themes\/sedi-tema\/assets\/svg\/sprites.svg#it-calendar\"><\/use>\n                                        <\/svg> 29 Aprile 2026                                    <\/span>\n                                                                    <\/div>\n                            <h5 class=\"card-title big-heading text-uppercase\"><a class=\"text-body text-decoration-none\" href=\"https:\/\/consmadrid.esteri.it\/it\/news\/dal_consolato\/2026\/04\/contributi-per-visite-di-ricercatori-docenti-esperti-personalita-e-operatori-culturali-scadenza-31-luglio-2026\/\" title=\"Contributi per visite di ricercatori, docenti, esperti, personalit\u00e0 e operatori culturali (Scadenza: 31 luglio 2026)\">Contributi per visite di ricercatori, docenti, esperti, personalit\u00e0 e operatori culturali (Scadenza: 31 luglio 2026)<\/a><\/h5>\n                            <p class=\"card-text\">Il Ministero degli Affari Esteri e della Cooperazione internazionale eroga, a valere sul Cap. 2619\/7, contributi ad istanza di parte per: il finanziamento delle spese di viaggio e soggiorno di ricercatori, docenti, esperti, personalit\u00e0 della cultura e operatori culturali italiani o stranieri\u00a0residenti in Italia\u00a0da almeno due anni invitati all\u2019estero da Istituzioni universitarie o culturali straniere [&hellip;]<\/p>\n                                <a title=\"Contributi per visite di ricercatori, docenti, esperti, personalit\u00e0 e operatori culturali (Scadenza: 31 luglio 2026)\" class=\"read-more\" href=\"https:\/\/consmadrid.esteri.it\/it\/news\/dal_consolato\/2026\/04\/contributi-per-visite-di-ricercatori-docenti-esperti-personalita-e-operatori-culturali-scadenza-31-luglio-2026\/\">\n                                    <span class=\"text\">Leggi di pi\u00f9<\/span>\n                                    <svg class=\"icon\">\n                                    <use xlink:href=\"https:\/\/consmadrid.esteri.it\/wp-content\/themes\/sedi-tema\/assets\/svg\/sprites.svg#it-arrow-right\"><\/use>\n                                    <\/svg>\n                                <\/a>\n                                                    <\/div>\n                    <\/div>\n                <\/div>\n                <!--end card-->\n                <\/div><!-- col-12 .mt-3-->\n                            <div class=\"col-12 mt-3\">\n                <!--start card-->\n                <div class=\"card-wrapper card-space\">\n                    <div class=\"card card-bg card-big border-bottom-card\">\n                        <div class=\"card-body \">\n                                                        <div class=\"category-top\">\n                                                                                                            <span class=\"\">\n                                        <svg class=\"icon icon-secondary\">\n                                            <use xlink:href=\"https:\/\/consmadrid.esteri.it\/wp-content\/themes\/sedi-tema\/assets\/svg\/sprites.svg#it-calendar\"><\/use>\n                                        <\/svg> 22 Aprile 2026                                    <\/span>\n                                                                    <\/div>\n                            <h5 class=\"card-title big-heading text-uppercase\"><a class=\"text-body text-decoration-none\" href=\"https:\/\/consmadrid.esteri.it\/it\/news\/dal_consolato\/2026\/04\/scuola-statale-italiana-di-madrid-avviso-di-selezione-di-personale-docente-a-tempo-indeterminato-con-contratto-locale-lengua-espanola-historia-y-geografia-de-espana-per-la\/\" title=\"SCUOLA STATALE ITALIANA DI MADRID \u2013 AVVISO DI SELEZIONE DI PERSONALE DOCENTE A TEMPO INDETERMINATO CON CONTRATTO LOCALE \u201cLENGUA ESPA\u00d1OLA, HISTORIA Y GEOGRAF\u00cdA DE ESPA\u00d1A\u201d PER LA SCUOLA SECONDARIA DI 2\u00ba GRADO\">SCUOLA STATALE ITALIANA DI MADRID \u2013 AVVISO DI SELEZIONE DI PERSONALE DOCENTE A TEMPO INDETERMINATO CON CONTRATTO LOCALE \u201cLENGUA ESPA\u00d1OLA, HISTORIA Y GEOGRAF\u00cdA DE ESPA\u00d1A\u201d PER LA SCUOLA SECONDARIA DI 2\u00ba GRADO<\/a><\/h5>\n                            <p class=\"card-text\">AVVISO DI SELEZIONE DI PERSONALE DOCENTE A TEMPO INDETERMINATO CON CONTRATTO LOCALE \u201cLENGUA ESPA\u00d1OLA, HISTORIA Y GEOGRAF\u00cdA DE ESPA\u00d1A\u201d PER LA SCUOLA SECONDARIA DI 2\u00ba GRADO La Scuola Statale Italiana di Madrid indice una selezione per la costituzione di una graduatoria a tempo indeterminato di validit\u00e0 quinquennale, per la classe di concorso di \u201cLENGUA ESPA\u00d1OLA, [&hellip;]<\/p>\n                                <a title=\"SCUOLA STATALE ITALIANA DI MADRID \u2013 AVVISO DI SELEZIONE DI PERSONALE DOCENTE A TEMPO INDETERMINATO CON CONTRATTO LOCALE \u201cLENGUA ESPA\u00d1OLA, HISTORIA Y GEOGRAF\u00cdA DE ESPA\u00d1A\u201d PER LA SCUOLA SECONDARIA DI 2\u00ba GRADO\" class=\"read-more\" href=\"https:\/\/consmadrid.esteri.it\/it\/news\/dal_consolato\/2026\/04\/scuola-statale-italiana-di-madrid-avviso-di-selezione-di-personale-docente-a-tempo-indeterminato-con-contratto-locale-lengua-espanola-historia-y-geografia-de-espana-per-la\/\">\n                                    <span class=\"text\">Leggi di pi\u00f9<\/span>\n                                    <svg class=\"icon\">\n                                    <use xlink:href=\"https:\/\/consmadrid.esteri.it\/wp-content\/themes\/sedi-tema\/assets\/svg\/sprites.svg#it-arrow-right\"><\/use>\n                                    <\/svg>\n                                <\/a>\n                                                    <\/div>\n                    <\/div>\n                <\/div>\n                <!--end card-->\n                <\/div><!-- col-12 .mt-3-->\n                            <div class=\"col-12 mt-3\">\n                <!--start card-->\n                <div class=\"card-wrapper card-space\">\n                    <div class=\"card card-bg card-big border-bottom-card\">\n                        <div class=\"card-body \">\n                                                        <div class=\"category-top\">\n                                                                                                            <span class=\"\">\n                                        <svg class=\"icon icon-secondary\">\n                                            <use xlink:href=\"https:\/\/consmadrid.esteri.it\/wp-content\/themes\/sedi-tema\/assets\/svg\/sprites.svg#it-calendar\"><\/use>\n                                        <\/svg> 17 Aprile 2026                                    <\/span>\n                                                                    <\/div>\n                            <h5 class=\"card-title big-heading text-uppercase\"><a class=\"text-body text-decoration-none\" href=\"https:\/\/consmadrid.esteri.it\/it\/news\/dal_consolato\/2026\/04\/avviso-pubblico-per-la-raccolta-di-manifestazioni-di-interesse-a-sponsorizzare-levento-celebrativo-dell80-anniversario-della-repubblica-italiana\/\" title=\"AVVISO PUBBLICO PER LA RACCOLTA DI MANIFESTAZIONI DI INTERESSE A SPONSORIZZARE L&#8217;EVENTO CELEBRATIVO DELL&#8217;80\u00b0 ANNIVERSARIO DELLA REPUBBLICA ITALIANA\">AVVISO PUBBLICO PER LA RACCOLTA DI MANIFESTAZIONI DI INTERESSE A SPONSORIZZARE L&#8217;EVENTO CELEBRATIVO DELL&#8217;80\u00b0 ANNIVERSARIO DELLA REPUBBLICA ITALIANA<\/a><\/h5>\n                            <p class=\"card-text\">Il Consolato Generale d&#8217;Italia a Madrid rende noto che, nell&#8217;ambito delle iniziative promosse dalla rete diplomatico-consolare in Spagna in occasione dell&#8217;80\u00b0 anniversario della Repubblica Italiana, in raccordo con l&#8217;Ambasciata d&#8217;Italia a Madrid, intende organizzare un evento celebrativo che si terr\u00e0 il 1\u00b0 giugno 2026 e, a tal fine, acquisire manifestazioni di interesse da parte di [&hellip;]<\/p>\n                                <a title=\"AVVISO PUBBLICO PER LA RACCOLTA DI MANIFESTAZIONI DI INTERESSE A SPONSORIZZARE L&#8217;EVENTO CELEBRATIVO DELL&#8217;80\u00b0 ANNIVERSARIO DELLA REPUBBLICA ITALIANA\" class=\"read-more\" href=\"https:\/\/consmadrid.esteri.it\/it\/news\/dal_consolato\/2026\/04\/avviso-pubblico-per-la-raccolta-di-manifestazioni-di-interesse-a-sponsorizzare-levento-celebrativo-dell80-anniversario-della-repubblica-italiana\/\">\n                                    <span class=\"text\">Leggi di pi\u00f9<\/span>\n                                    <svg class=\"icon\">\n                                    <use xlink:href=\"https:\/\/consmadrid.esteri.it\/wp-content\/themes\/sedi-tema\/assets\/svg\/sprites.svg#it-arrow-right\"><\/use>\n                                    <\/svg>\n                                <\/a>\n                                                    <\/div>\n                    <\/div>\n                <\/div>\n                <!--end card-->\n                <\/div><!-- col-12 .mt-3-->\n            \n            <div class=\"col-md-12 mt-4 pb-4\">\n                <nav class=\"navigation col-md-12\" aria-label=\"Navigation\">\n                    <h2 class=\"screen-reader-text visually-hidden\">Paginazione<\/h2>\n                    <div class=\"nav-links\">\n                    <span aria-current=\"page\" class=\"page-numbers current\">1<\/span>\n<a class=\"page-numbers\" href=\"https:\/\/consmadrid.esteri.it\/it\/wp-json\/wp\/v2\/pages\/21\/?pag=2\">2<\/a>\n<a class=\"page-numbers\" href=\"https:\/\/consmadrid.esteri.it\/it\/wp-json\/wp\/v2\/pages\/21\/?pag=3\">3<\/a>\n<span class=\"page-numbers dots\">&hellip;<\/span>\n<a class=\"page-numbers\" href=\"https:\/\/consmadrid.esteri.it\/it\/wp-json\/wp\/v2\/pages\/21\/?pag=11\">11<\/a>\n<a class=\"next page-numbers\" href=\"https:\/\/consmadrid.esteri.it\/it\/wp-json\/wp\/v2\/pages\/21\/?pag=2\"><svg class=\"icon icon-primary\"><use xlink:href=\"https:\/\/consmadrid.esteri.it\/wp-content\/themes\/sedi-tema\/assets\/svg\/sprites.svg#it-chevron-right\"><\/use><\/svg>\n                                    <span class=\"visually-hidden\">Pagina successiva<\/span><\/a>                    <\/div>\n                <\/nav>\n            <\/div>   <!--.col-md-12 -->\n              <\/div><!--.row -->\n              \n","protected":false},"excerpt":{"rendered":"","protected":false},"author":1,"featured_media":0,"parent":0,"menu_order":10,"comment_status":"closed","ping_status":"closed","template":"","meta":{"footnotes":""},"class_list":["post-21","page","type-page","status-publish","hentry"],"_links":{"self":[{"href":"https:\/\/consmadrid.esteri.it\/it\/wp-json\/wp\/v2\/pages\/21","targetHints":{"allow":["GET"]}}],"collection":[{"href":"https:\/\/consmadrid.esteri.it\/it\/wp-json\/wp\/v2\/pages"}],"about":[{"href":"https:\/\/consmadrid.esteri.it\/it\/wp-json\/wp\/v2\/types\/page"}],"author":[{"embeddable":true,"href":"https:\/\/consmadrid.esteri.it\/it\/wp-json\/wp\/v2\/users\/1"}],"replies":[{"embeddable":true,"href":"https:\/\/consmadrid.esteri.it\/it\/wp-json\/wp\/v2\/comments?post=21"}],"version-history":[{"count":0,"href":"https:\/\/consmadrid.esteri.it\/it\/wp-json\/wp\/v2\/pages\/21\/revisions"}],"wp:attachment":[{"href":"https:\/\/consmadrid.esteri.it\/it\/wp-json\/wp\/v2\/media?parent=21"}],"curies":[{"name":"wp","href":"https:\/\/api.w.org\/{rel}","templated":true}]}}