{"id":510,"date":"2023-11-06T12:52:32","date_gmt":"2023-11-06T11:52:32","guid":{"rendered":"https:\/\/consmadrid.esteri.it\/?page_id=510"},"modified":"2026-04-07T11:04:18","modified_gmt":"2026-04-07T09:04:18","slug":"profesionales-de-referencia","status":"publish","type":"page","link":"https:\/\/consmadrid.esteri.it\/es\/servizi-consolari-e-visti\/servizi-per-il-cittadino-italiano\/profesionales-de-referencia\/","title":{"rendered":"Profesionales de referencia"},"content":{"rendered":"<p>A continuaci\u00f3n se presentan los nombres y direcciones de algunos profesionales de referencia que ejercen en la jurisdicci\u00f3n consular del Consulado General a los que el ciudadano puede acudir en caso de necesidad, por supuesto sin perjuicio de la posibilidad de contactar con otros profesionales de su confianza.<\/p>\n<p>Las siguientes listas se han formado en base a las propuestas enviadas por los propios profesionales y, por\u00a0tanto, debe considerarse abierta y no exhaustiva, en el sentido de que en el futuro se podr\u00e1n aportar\u00a0nombres nuevos.<\/p>\n<p><strong>El Consulado General no se hace responsable de la calidad de los servicios prestados por dichos profesionales, de su trabajo y de los honorarios que aplican.<br \/>\n<\/strong><br \/>\nLos profesionales identificados cumplen los\u00a0<strong>siguientes requisitos m\u00ednimos<\/strong>:<br \/>\n1) conocimiento de la lengua italiana y espa\u00f1ola<br \/>\n2) habilitaci\u00f3n legal al ejercicio de la profesi\u00f3n e\u00a0inscripci\u00f3n en el registro correspondiente registro profesional<br \/>\n3) profundo conocimiento de la legislaci\u00f3n local e italiana en el campo espec\u00edfico de\u00a0su actividad, o bien relaciones de colaboraci\u00f3n con Estudios similares en Italia.<\/p>\n<p><strong>Aviso: Los profesionales que deseen ser incluidos en las listas en cuesti\u00f3n\u00a0<\/strong>deben enviar una\u00a0<strong>petici\u00f3n expresa\u00a0<\/strong>al Consulado General (<a href=\"mailto:madrid.coordcons@esteri.it\">madrid.coordcons@esteri.it<\/a>), acompa\u00f1ada de:<br \/>\n\u00b7 fotocopia del documento de identidad<br \/>\n\u00b7 Curriculum Vitae<br \/>\n\u00b7 autocertificaci\u00f3n de no haber sido condenados por delitos penales y no tener procedimientos penales en curso<br \/>\n\u00b7 autocertificaci\u00f3n sobre la habilitaci\u00f3n legal de la profesi\u00f3n en Espa\u00f1a con despacho en la jurisdicci\u00f3n del Consulado General e inscripci\u00f3n en el correspondiente registro profesional espa\u00f1ol<br \/>\n\u00b7 autocertificaci\u00f3n sobre el conocimiento de la lengua italiana y espa\u00f1ola<\/p>\n<p><strong>Para los abogados<\/strong>, adem\u00e1s de los requisitos anteriores, tambi\u00e9n se requiere:<br \/>\n\u00b7 autocertificaci\u00f3n de haber ontenido la Licenciatura en Derecho en Italia o posesi\u00f3n de una especializaci\u00f3n en derecho italiano<br \/>\n\u00b7 inscripci\u00f3n el orden profesional desde hace tres a\u00f1os como m\u00ednimo<br \/>\n\u00b7\u00a0n. 3 cartas de referencia de ciudadanos o de empresas italianas a las que hayan asistido en Espa\u00f1a en los \u00faltimos tres a\u00f1os.<\/p>\n<hr \/>\n<p>&nbsp;<\/p>\n<p><strong>ABOGADOS PRIVADOS Y\u00a0BUFETES DE ABOGADOS<\/strong><\/p>\n<p><strong>\u00b7 MADRID \u00b7<\/strong><\/p>\n<p><strong>Avv. Rafael Casas\u00a0Herranz<br \/>\n<\/strong>C\/ Sagasta,\u00a032\/1\u00ba Dcha.\u00a0&#8211;\u00a028004 Madrid<br \/>\nTel.: +34 914444430 &#8211; Fax: +34 914444431<br \/>\ne-mail:\u00a0<a href=\"mailto:rafael.casas@rafaelcasasabogados.es\">rafael.casas@rafaelcasasabogados.es<\/a><\/p>\n<p><strong>Avv. Raffaele GIANNATTASIO<\/strong><br \/>\nTKL Abogados<br \/>\nC\/Fern\u00e1ndez de la hoz, 7\/1\u00ba &#8211; 28010 Madrid<br \/>\nTel.: +34 911250524<br \/>\ne-mail:\u00a0<a href=\"mailto:rgiannattasio@tklabogados.es\">rgiannattasio@tklabogados.es<\/a><br \/>\npg-web:\u00a0<a href=\"http:\/\/www.tklabogados.es\/\">www.tklabogados.es<\/a><\/p>\n<p><strong>Avv. Jaime L. Ense\u00f1at Benlliure<br \/>\n<\/strong>ESTUDIO ENSE\u00d1AT &#8211; FDEZ.ESCRIBANO, Abogados<br \/>\nC\/ Alfonso XII, 46 &#8211; 28014 Madrid<br \/>\nTel.: +34 914203517 &#8211; Fax: +34 914200886.<br \/>\ne-mail:\u00a0<a href=\"mailto:jaime.ensenat@estudioensenat.com\">jaime.ensenat@estudioensenat.com<\/a><br \/>\npg-web:\u00a0<a href=\"http:\/\/www.estudioensenat.com\/\">www.estudioensenat.com<\/a><\/p>\n<p><strong>Avv. Maurizio Di Ubaldo<\/strong><br \/>\nAvda. de Brasil, 23 &#8211; 1\/6A &#8211; 28020 Madrid<br \/>\nTel.: +34 915359801<br \/>\n<a href=\"http:\/\/www.diubaldoabogados.com\/\">www.diubaldoabogados.com<\/a><\/p>\n<p><strong>Avv. Luis\u00a0Zapata Sa\u00edz<br \/>\nAvv. Juan Soloz\u00e1bal Anglada<br \/>\n<\/strong>C\/ Fern\u00e1ndez de la Hoz, 62\/Bajo-D\u00a0&#8211;\u00a028010\u00a0Madrid<br \/>\nTel.: +34 912794504 &#8211; Fax: +34 914414094<br \/>\ne-mail:\u00a0<a href=\"mailto:jsolozabal@icam.es\">jsolozabal@icam.es<\/a><\/p>\n<p><strong>Avv. Marco Bolognini<br \/>\n<\/strong>C\/ Alcal\u00e1, 75\/2\u00bapiso &#8211; 28009 Madrid<br \/>\nTel.: +34 915775020 &#8211; Fax: +34915778779<br \/>\ne-mail:\u00a0<a href=\"mailto:mbolognini@maiolegal.com\">mbolognini@maiolegal.com<\/a><br \/>\npg-web:\u00a0<a href=\"http:\/\/www.maiolegal.com\/\">www.maiolegal.com<\/a><\/p>\n<p><strong>Avv. Roberto Spinetti<br \/>\n<\/strong>Avda. De Bruselas, 54\/1\u00ba-1 &#8211; 28028 Madrid<br \/>\nTel.: +34 913555054 &#8211; Fax: +34 917262369<br \/>\ne-mail:\u00a0<a href=\"mailto:robertospinetti@hotmail.com\">robertospinetti@hotmail.com<\/a><br \/>\npg-web:\u00a0<a href=\"http:\/\/www.robertospinetti.com\/\">www.robertospinetti.com<\/a><\/p>\n<p><strong>Avv. Silvia Venturi<br \/>\n<\/strong>Moreno Catena &amp; Venturi Abogados<br \/>\nC\/ Villanueva, 33\/2\u00ba Dcha. &#8211; 28001 Madrid<br \/>\nTel.: +34 917813428 &#8211; Fax: +34 917815520<br \/>\ne-mail:\u00a0<a href=\"mailto:silvia.venturi@moreno-venturi.com\">silvia.venturi@moreno-venturi.com<\/a><br \/>\npg-web:\u00a0<a href=\"http:\/\/www.morenocatena-venturi.com\/\">www.morenocatena-venturi.com<\/a><\/p>\n<p><strong>Avv. Giancarlo Liberati<br \/>\nAvv. Jos\u00e9 Vicente Rubio Eire<\/strong><br \/>\nC\/ Alcal\u00e1, 89\/1\u00ba Izq. &#8211; 28009 Madrid<br \/>\nTel.: +34 911298702 &#8211; Fax: +34 911298329<br \/>\ne-mail:\u00a0<a href=\"mailto:g.liberati@liberatiassociati.it\">g.liberati@liberatiassociati.it<\/a>\u00a0\u2013\u00a0<a href=\"mailto:josevicente@rubioasociados.es\">josevicente@rubioasociados.es<\/a><\/p>\n<p><strong>Avv. Mario I. Malvezzi<\/strong><br \/>\ne-mail:\u00a0<a href=\"mailto:marioivo@icamur.org\">marioivo@icamur.org<\/a><\/p>\n<p><strong>Avv. Paula Ib\u00e1\u00f1ez D\u00edez<br \/>\n<\/strong>C\/ Javier Ferrero, 10 &#8211; 28002 Madrid<br \/>\nTel.: +34 639630120<br \/>\ne-mail:\u00a0<a href=\"mailto:paula.ibanez@icam.es\">paula.ibanez@icam.es<\/a><br \/>\npg-web:\u00a0<a href=\"https:\/\/justiciatransformadora.com\">https:\/\/justiciatransformadora.com<\/a><\/p>\n<p><strong>Avv. Luigi Nazzaro<\/strong><br \/>\nPseo. de la Castellana, 155, 2\u00baA \u2013 Madrid<br \/>\nM\u00f3vil: +34 655394213<br \/>\nemail:\u00a0<a href=\"mailto:avvocatonazzaro@gmail.com\">avvocatonazzaro@gmail.com<\/a><\/p>\n<p><strong>Avv. Vincenzo Zaccaria<\/strong><br \/>\nC\/ Silva 2, 1\u00aa Planta, Puerta 4 \u2013 28013 Madrid<br \/>\nM\u00f3vil: +34 664092373<br \/>\ne-mail:\u00a0<a href=\"mailto:zaccaria.legalities@gmail.com\">zaccaria.legalities@gmail.com<\/a><\/p>\n<p><strong>Avv. Martina Mastrantoni<\/strong><br \/>\nROCA JUNYENT, GAONA, PALACIO Y ROZADOS Abogados<br \/>\nC\/ Jos\u00e9 Abascal, 56 7\u00ba &#8211; 28003 Madrid<br \/>\nTel.: +34 915991817<br \/>\nM\u00f3vil: +34 655731049 o +39 3470747775<br \/>\ne-mail:\u00a0<a href=\"mailto:mmastrantoni@gprabogados.com\">mmastrantoni@gprabogados.com<\/a><br \/>\npg-web:\u00a0<a>www.gprabogados.com<\/a><\/p>\n<p style=\"margin: 0cm;\"><strong>Avv. Paola Vitali<\/strong><\/p>\n<p style=\"margin: 0cm;\"><strong><span style=\"font-weight: normal;\">\u00a0\u00abGiambrone &amp; Partners\u00bb S.L.P.<\/span><\/strong><br \/>\nC\/ Luchana, 29 bajo centro dcha. &#8211; 28010 Madrid<br \/>\nTel.: +34 911383045<br \/>\ne-mail:\u00a0<a href=\"mailto:info@giambronelaw.com\">info@giambronelaw.com<\/a><\/p>\n<p><strong>Avv. Heidi Carolina Priore<\/strong><br \/>\nAvda. Filipinas, 40, 5-3 &#8211; Madrid<br \/>\nTel.: +39 3273446865; +34 645973332<br \/>\ne-mail:\u00a0<a href=\"mailto:diritti.info@gmail.com\">diritti.info@gmail.com<\/a>; PEC: <a href=\"mailto:avv.priore@puntopec.it\">avv.priore@puntopec.it<\/a><\/p>\n<p style=\"margin: 0cm;\"><strong>Avv. Riccardo D&#8217;Angelo<\/strong><\/p>\n<p style=\"margin: 0cm;\"><strong><span style=\"font-weight: normal;\">\u00a0\u00abGiambrone &amp; Partners\u00bb S.L.P.<\/span><\/strong><br \/>\nC\/ Luchana, 29 bajo centro dcha. &#8211; 28010 Madrid<br \/>\nTel.: +34 911383045<br \/>\ne-mail:\u00a0<a href=\"mailto:info@giambronelaw.com\">info@giambronelaw.com<\/a><\/p>\n<p>&nbsp;<\/p>\n<p><strong>\u00b7 ANDALUC\u00cdA<br \/>\n<\/strong><br \/>\n<strong>RBS Abogados Corporate Consulting<br \/>\n<\/strong>C\/ Fabiola, 10 &#8211; 41004 Sevilla<br \/>\nTel.: +34 954226964 &#8211; Fax: +34 954228549<br \/>\nM\u00f3vil: +34 670514751 &#8211; +34 629226540<br \/>\ne-mail:\u00a0<a href=\"mailto:info@rbsabogados.com\">info@rbsabogados.com<\/a>\u00a0\u00a0&#8211;\u00a0<a href=\"mailto:jc@rbsabogados.com\">jc@rbsabogados.com<\/a><br \/>\npg-web:\u00a0<a href=\"http:\/\/www.rbsabogados.com\/\">www.rbsabogados.com<\/a><br \/>\n\u00c1mbito territorial: Andaluc\u00eda, Extremadura<\/p>\n<p><strong>Avv. Luigi Nazzaro<\/strong><br \/>\nPseo. del Sal\u00f3n, 1\/3 &#8211; Granada<br \/>\nCell.: +34 655394213<br \/>\nC\/ Ntra. Sra. de Gracia, 6, 1-ofic.3, Marbella (Malaga)<br \/>\nCell.: +34 655394213<br \/>\nEmail:\u00a0<a href=\"mailto:avvocatonazzaro@gmail.com\">avvocatonazzaro@gmail.com<\/a><\/p>\n<p><strong>Avv. Giancarlo Liberati<br \/>\nAvv. Jos\u00e9 Vicente Rubio Eire<br \/>\n<\/strong>Avda. Blas Infante, 3\/3\u00baA &#8211; 11201 Algeciras<br \/>\nTel.\/Fax: +34 956633546<br \/>\ne-mail:\u00a0<a href=\"mailto:g.liberati@liberatiassociati.it\">g.liberati@liberatiassociati.it<\/a>\u00a0&#8211;\u00a0<a href=\"mailto:josevicente@rubioasociados.es\">josevicente@rubioasociados.es<\/a><\/p>\n<p><strong>Avv. Luana Ventre<\/strong><br \/>\n&#8211; C\/Puerto s\/n, Of. 30 &#8211; 11401 Jerez de la Frontera<br \/>\n&#8211; Avda. Ricardo Soriano, 72, Edif. Golden B, 1\u00aa Planta &#8211; 29601 Marbella<br \/>\nTel.: +34 956321023 &#8211; M\u00f3vil: +34 616794820<br \/>\ne-mail:\u00a0<a href=\"mailto:studiolegaleventre@hotmail.com\">studiolegaleventre@hotmail.com<\/a><br \/>\npg-web:\u00a0<a href=\"http:\/\/www.luanaventrelawfirm.com\/\">www.luanaventrelawfirm.com<\/a><\/p>\n<p><strong>Avv. Elena Riccio<\/strong><br \/>\nAlameda de Col\u00f3n, 17 &#8211; 29001 Malaga<br \/>\nTel.: +34 951435640 &#8211; M\u00f3vil: +34 659832028<br \/>\ne-mail:\u00a0<a href=\"mailto:riccioabogada@gmail.com\">riccioabogada@gmail.com<\/a><br \/>\npg-web:\u00a0<a href=\"http:\/\/www.abogadoelenariccio.com\/\">www.abogadoelenariccio.com<\/a><\/p>\n<p><strong>Avv. Mario Monaco<\/strong><br \/>\nMH Abogados International Law Firm, S.L.P<br \/>\nAvda. de la Constituci\u00f3n, 27\/3\u00baC &#8211; 41004 &#8211; Sevilla<br \/>\nTel.: +34\u00a0<span class=\"baec5a81-e4d6-4674-97f3-e9220f0136c1\">954922260<\/span>\u00a0&#8211; Fax: +34\u00a0<span class=\"baec5a81-e4d6-4674-97f3-e9220f0136c1\">954502899<\/span><br \/>\ne-mail:\u00a0<a href=\"mailto:mariomonaco@mhabogados.es\">mariomonaco@mhabogados.es<\/a><br \/>\npg-web:\u00a0<a href=\"http:\/\/www.mhabogados.es\/\">www.mhabogados.es<\/a><\/p>\n<p><strong>Avv. Martina Mastrantoni<\/strong><br \/>\nROCA JUNYENT, GAONA, PALACIO Y ROZADOS Abogados<br \/>\nC\/ Rioja, 5 &#8211; 41001 Sevilla<br \/>\nTel.: +34 954458106<br \/>\nM\u00f3vil: +34 655731049 o +39 3470747775<br \/>\ne-mail:\u00a0<a href=\"mailto:mmastrantoni@gprabogados.com\">mmastrantoni@gprabogados.com<\/a><br \/>\npg-web:\u00a0<a href=\"http:\/\/www.gprabogados.com\/\">www.gprabogados.com<\/a><\/p>\n<p><strong>Avv. Martina Mastrantoni<\/strong><br \/>\nROCA JUNYENT, GAONA, PALACIO Y ROZADOS Abogados<br \/>\nPza. Uncibay, 3, 3\u00ba &#8211; 29008 M\u00e1laga<br \/>\nTel.: +34 952060007<br \/>\nM\u00f3vil: +34 655731049 o +39 3470747775<br \/>\ne-mail:\u00a0<a href=\"mailto:mmastrantoni@gprabogados.com\">mmastrantoni@gprabogados.com<\/a><br \/>\npg-web:\u00a0<a href=\"http:\/\/www.gprabogados.com\/\">www.g prabogados.com<\/a><\/p>\n<p><strong>Avv. Francesco Caronna<\/strong><br \/>\nMartin &amp; Caronna Abogados y Consultores S.L.P.<br \/>\nC\/ San Eloy, 51\/Atico &#8211; 41001 Sevilla<br \/>\nTel.: +34 955183671 &#8211; Fax: +34 658618276<br \/>\ne-mail:\u00a0<a href=\"mailto:flc@martin-caronna.com\">flc@martin-caronna.com<\/a><br \/>\npg-web:\u00a0<a>www.martin-caronna.com<\/a><\/p>\n<p><strong>Avv. Andrea Rossignoli<\/strong><br \/>\nPlaza De La Marina n.2 &#8211; 29015 Malaga<br \/>\nM\u00f3viles: +34 661661574 &#8211; 661077357<br \/>\nemail:\u00a0<a href=\"mailto:andrearossignoli@icamalaga.org\">andrearossignoli@icamalaga.org<\/a><br \/>\nsito web:\u00a0<a href=\"http:\/\/www.andrearossignoli.com\/\">www.andrearossignoli.com<\/a><\/p>\n<p>&nbsp;<\/p>\n<p><strong>\u00b7 ASTURIAS\u00a0y LE\u00d3N<\/strong><\/p>\n<p><strong>Avv. Paolo ERCOLANI<\/strong><br \/>\nC\/ Virgilio Palacio, 1 \u2013 33013 Oviedo<br \/>\nTel.: +34 985965974<br \/>\ne-mail:\u00a0<a href=\"mailto:info@abogadoercolani.es\">info@abogadoercolani.es<\/a><br \/>\npg-web: <a href=\"http:\/\/www.abogadoercolani.com\">www.abogadoercolani.com<\/a><\/p>\n<p>&nbsp;<\/p>\n<p><strong>\u00b7 CANTABRIA<br \/>\n<\/strong><br \/>\n<strong>Avv. Antonio Naharro Quir\u00f3s<br \/>\n<\/strong>C\/ Amos de Escalante,\u00a03\/2\u00ba\u00a0Izq.\u00a0&#8211;\u00a039002 Santander<br \/>\nTel.: +34 942312261 &#8211; Fax: +34 942312201<br \/>\ne-mail:\u00a0<a href=\"mailto:correo_tomavoy@hotmail.com\">correo_tomavoy@hotmail.com<\/a><\/p>\n<p>&nbsp;<\/p>\n<p><strong>\u00b7 GALICIA<\/strong><\/p>\n<p><strong>Avv. Giorgio Benigni Le\u00f3n<br \/>\n<\/strong>Abogado \u00b7 Col. 4.347 del I.C.A. Coru\u00f1a<br \/>\nC\/ Juan Fl\u00f3rez n\u00famero 129\/6\u00ba Izq.\u00a0&#8211;\u00a015005 A Coru\u00f1a<br \/>\nTel.: +34 981244533 &#8211; M\u00f3vil: +34 609609930 &#8211; Fax: +34 981244533<br \/>\ne-mail:\u00a0<a href=\"mailto:jbenigni@gmail.com\">jbenigni@gmail.com<\/a><\/p>\n<p><strong>Avv. Giancarlo Liberati<br \/>\nAvv. Jos\u00e9 Vicente Rubio Eire<br \/>\n<\/strong>Avda. de Zamora, 12 &#8211; 32005 Orense<br \/>\nTel.: +34 639022182 \u2013 Fax: +34 911298329<br \/>\ne-mail:\u00a0<a href=\"mailto:g.liberati@liberatiassociati.it\">g.liberati@liberatiassociati.it<\/a>\u00a0&#8211;\u00a0<a href=\"mailto:josevicente@rubioasociados.es\">josevicente@rubioasociados.es<\/a><\/p>\n<p><strong>Avv. Luigi Nazzaro<\/strong><br \/>\nC\/ Paseo, 26\/1\u00baA &#8211; 32003 Orense<br \/>\nTel.: +34 988601119 &#8211; M\u00f3vil: +34 655394213 &#8211; Fax: +34 988613039<br \/>\ne-mail:\u00a0<a href=\"mailto:avvocatonazzaro@gmail.com\">avvocatonazzaro@gmail.com<\/a><\/p>\n<p><strong>Avv. Nadia Vassallo<\/strong><br \/>\nC\/ Real, 1\/piso 2\u00ba &#8211; 15003 A Coru\u00f1a<br \/>\nTel.: +34 981227729 &#8211; +34 981213408<br \/>\nemail:\u00a0<a href=\"mailto:nadiavassallo@icacor.es\">nadiavassallo@icacor.es<\/a><\/p>\n<p>&nbsp;<\/p>\n<p><strong>\u00b7 PA\u00cdS VASCO<\/strong><\/p>\n<p><strong>Avv. Rossella Lo Galbo<\/strong><br \/>\nAlameda de Urquijo, 12\/entrepl.izq. &#8211; 48008 Bilbao<br \/>\nTel. +34 944793400<br \/>\ne-mail:\u00a0<a href=\"mailto:r.logalbo@barrilero.es\">r.logalbo@barrilero.es<\/a><br \/>\npg-web:\u00a0<a href=\"https:\/\/www.barrilero.com\/\">https:\/\/www.barrilero.com<\/a><\/p>\n<p>&nbsp;<\/p>\n<p>&nbsp;<\/p>\n<hr \/>\n<p>&nbsp;<\/p>\n<p><strong>M\u00c9DICOS Y ODONTOLOGOS<\/strong><\/p>\n<ul>\n<li><strong>MADRID<\/strong><\/li>\n<\/ul>\n<p><strong>Dra. Nelly Habed Magagnini<br \/>\n<\/strong>C\/ Costa Rica,\u00a024 &#8211; 28016 Madrid<br \/>\nM\u00f3vil: +34 609116611<br \/>\ne-mail:\u00a0<a href=\"mailto:nhmagagnini@gmail.com\">nhmagagnini@gmail.com<\/a><\/p>\n<p><strong>Dra. Matilde Tricarico<br \/>\n<\/strong>Pediatra<br \/>\nC\/ Orense n. 33\/8\u00baB &#8211; 28020 Madrid<br \/>\nTel.: +34 915557268<\/p>\n<p><strong>Dra. Laura Pavesi<\/strong><br \/>\nGinec\u00f3loga<br \/>\nCentro de Especialidades Moratalaz<br \/>\nC\/ Hacienda de Pavones, s\/n\u00ba &#8211; 28030 Madrid<br \/>\nTel.: +34 913522806 (a partir de las 15,00 horas)<\/p>\n<p><strong>Dr. Mikel Aramberri Guti\u00e9rrez<\/strong><br \/>\nCirug\u00eda Ortop\u00e9dica y Traumatolog\u00eda<br \/>\nC\/ Arturo Soria, 342 &#8211; 28033 Madrid<br \/>\nTel.: +34 910092913<br \/>\ne-mail:\u00a0<a href=\"mailto:aramberri@centroalai.es\">aramberri@centroalai.es<\/a>\u00a0 &#8211; pg-web:\u00a0<a href=\"http:\/\/www.centroalai.es\/\">www.centroalai.es<\/a><\/p>\n<p><strong>Dr. Antonio Maria Ierullo<\/strong><br \/>\nObstetricia y Ginecolog\u00eda<br \/>\nHospital San Jos\u00e9<br \/>\nSe recibe martes y viernes por la tarde<br \/>\nC\/ Cartagena 111 &#8211; 28002<br \/>\ne-mail:\u00a0<a href=\"mailto:am.ierullo@gmail.com\">am.ierullo@gmail.com<\/a><\/p>\n<p><strong>Dra. Rosa Maria DAURELIO<\/strong><br \/>\nGinecolog\u00eda (especialista en Medicina Reproductiva)<br \/>\nInstituto Bernabeu Madrid &#8211; C\/ Ayala 48 e C\/ Velazquez 48<br \/>\nTel.: +34 918 333 882<br \/>\ne-mail:\u00a0<a href=\"mailto:rmdaurelio@institutobernabeu.com\">rmdaurelio@institutobernabeu.com<\/a><br \/>\npg-web:\u00a0<a href=\"http:\/\/www.institutobernabeu.com\/\">www.institutobernabeu.com<\/a><\/p>\n<p><strong>Dott. Fabrizio LANDI<\/strong><br \/>\nOdont\u00f3logo<br \/>\nClinica Landi \u2013 Odontologia Integral<br \/>\nc\/ Blasco de Garay, 63 \u2013 28015 Madrid<br \/>\nTel.: +34 91 7959225<br \/>\nMov.: +34 606559326<br \/>\ne-mail: <a href=\"mailto:info@clinicalandi.com\">info@clinicalandi.com<\/a><br \/>\npg-web:\u00a0<a href=\"http:\/\/www.clinicalandi.com\">www.clinicalandi.com<\/a><\/p>\n<p>&nbsp;<\/p>\n<ul>\n<li><strong>PAIS VASCO<\/strong><\/li>\n<\/ul>\n<p><strong>Dott. Giacomo De Benedetti<\/strong><br \/>\nMedico Oftalmologo<br \/>\nClinica La Asunci\u00f3n &#8211; Ctra. de Izaskun s\/n &#8211; 20400 Tolosa<br \/>\nCentro M\u00e9dico Arrasate &#8211; C\/Arrasate 53 &#8211; 20005 San Sebasti\u00e1n<br \/>\nTel.: +34 943697000 Tolosa &#8211; +34 943463544 San Sebasti\u00e1n<br \/>\ne-mail:\u00a0<a href=\"mailto:gdebe70@gmail.com\">gdebe70@gmail.com<\/a><\/p>\n<p>&nbsp;<\/p>\n<p><strong>PSICOTERAPEUTAS &#8211; PSIC\u00d3LOGOS<\/strong><\/p>\n<p><strong>Dra. Silvia Montanari<\/strong><br \/>\nPsicoterapeuta<br \/>\nC\/ Rafael Calvo,\u00a042\/Esc.dcha.\/1\u00ba piso &#8211; 28010 Madrid<br \/>\nM\u00f3vil: +34 626832740<br \/>\ne-mail:\u00a0<a href=\"mailto:info@montanarisilvia.com\">info@montanarisilvia.com<\/a><br \/>\npg-web:\u00a0<a href=\"http:\/\/www.montanarisilvia.com\/\">www.montanarisilvia.com<\/a><\/p>\n<p><strong>Dr. Carlo CATTANEO<\/strong><br \/>\nPsic\u00f3logo\u00a0y Psicoterapeuta<br \/>\nC\/ de los Ca\u00f1os del Peral, 5 \u2013\u00a028013 Madrid<br \/>\nM\u00f3vil: +34 644250569<br \/>\ne-mail:\u00a0<a href=\"mailto:c.cattaneo@cop.es\">c.cattaneo@cop.es<\/a><br \/>\npg-web: <a href=\"http:\/\/www.psicologoitaliano.com\">www.psicologoitaliano.com<\/a><\/p>\n<p><strong>Dr. Nicol\u00e1s Alejandro Lezama Mazzini<br \/>\n<\/strong>Psic\u00f3logo y Psicoanalista<br \/>\nC\/ Juan Bravo, 41\/Bajo &#8211; 28006 Madrid<br \/>\nM\u00f3vil: +34 646713938<br \/>\ne-mail:\u00a0<a href=\"mailto:nicolaslezamamazzini@gmail.com\">nicolaslezamamazzini@gmail.com<\/a><\/p>\n<p><strong>Dr. Giuseppe Iandolo<\/strong><br \/>\nPsic\u00f3logo\u00a0y Psicoterapeuta<br \/>\nC\/ Albendiego, 7 &#8211; 28029 Madrid<br \/>\nTel.: +34 913230839<br \/>\ne-mail:\u00a0<a href=\"mailto:giuseppe.iandolo@psisemadrid.es\">giuseppe.iandolo@psisemadrid.es<\/a><br \/>\npg-web:\u00a0<a href=\"http:\/\/www.psisemadrid.es\/\">www.psisemadrid.es<\/a><\/p>\n<p><strong>Dra. Valentina Piermattei<\/strong><br \/>\nPsic\u00f3loga\u00a0y Psicoterapeuta<br \/>\nPza. Constituci\u00f3n,\u00a04\/\u00c1tico 1 &#8211; 28760 Tres Cantos (Madrid)<br \/>\nM\u00f3vil: +34 644260992<br \/>\ne-mail:\u00a0<a href=\"mailto:piermattei.valentina@gmail.com\">piermattei.valentina@gmail.com<\/a><\/p>\n<p><strong>Dr. Mario De Matteis<\/strong><br \/>\nM\u00e9dico Psiquiatra &#8211; Centro Zeine<br \/>\nC\/ Fern\u00e1ndez de la Hoz, 62 &#8211; entresuelo B &#8211; 28010 Madrid<br \/>\nTel.: +34 911423454<br \/>\nHorario: 16:00 a 20:00<br \/>\nemail:\u00a0<a href=\"mailto:mardematt@hotmai.it\">mardematt@hotmai.it<\/a><\/p>\n<p><strong>Dott.ssa Valeria Moriconi<\/strong><br \/>\nPsicologa, psicoterapeuta y psicooncologa<br \/>\nAvda. de Portugal, 3, Bajo Izquierda, Madrid<br \/>\nTel.: +34 624 835 319<br \/>\ne-mail: <a href=\"mailto:info@abiertamentepsicologia.com\">info@abiertamentepsicologia.com<\/a><br \/>\npg-web: <a href=\"http:\/\/www.abiertamentepsicologia.com\">www.abiertamentepsicologia.com<\/a><\/p>\n<p>&nbsp;<\/p>\n<p>&nbsp;<\/p>\n","protected":false},"excerpt":{"rendered":"A continuaci\u00f3n se presentan los nombres y direcciones de algunos profesionales de referencia que ejercen en la jurisdicci\u00f3n consular del Consulado General a los que el ciudadano puede acudir en caso de necesidad, por supuesto sin perjuicio de la posibilidad de contactar con otros profesionales de su confianza. Las siguientes listas se han formado en [&hellip;]","protected":false},"author":5,"featured_media":0,"parent":167,"menu_order":15,"comment_status":"closed","ping_status":"closed","template":"","meta":{"footnotes":""},"class_list":["post-510","page","type-page","status-publish","hentry"],"_links":{"self":[{"href":"https:\/\/consmadrid.esteri.it\/es\/wp-json\/wp\/v2\/pages\/510","targetHints":{"allow":["GET"]}}],"collection":[{"href":"https:\/\/consmadrid.esteri.it\/es\/wp-json\/wp\/v2\/pages"}],"about":[{"href":"https:\/\/consmadrid.esteri.it\/es\/wp-json\/wp\/v2\/types\/page"}],"author":[{"embeddable":true,"href":"https:\/\/consmadrid.esteri.it\/es\/wp-json\/wp\/v2\/users\/5"}],"replies":[{"embeddable":true,"href":"https:\/\/consmadrid.esteri.it\/es\/wp-json\/wp\/v2\/comments?post=510"}],"version-history":[{"count":6,"href":"https:\/\/consmadrid.esteri.it\/es\/wp-json\/wp\/v2\/pages\/510\/revisions"}],"predecessor-version":[{"id":6997,"href":"https:\/\/consmadrid.esteri.it\/es\/wp-json\/wp\/v2\/pages\/510\/revisions\/6997"}],"up":[{"embeddable":true,"href":"https:\/\/consmadrid.esteri.it\/es\/wp-json\/wp\/v2\/pages\/167"}],"wp:attachment":[{"href":"https:\/\/consmadrid.esteri.it\/es\/wp-json\/wp\/v2\/media?parent=510"}],"curies":[{"name":"wp","href":"https:\/\/api.w.org\/{rel}","templated":true}]}}