{"id":151,"date":"2023-04-03T19:15:30","date_gmt":"2023-04-03T17:15:30","guid":{"rendered":"https:\/\/consmadrid.esteri.it\/chi-siamo\/la-sede\/"},"modified":"2024-10-18T10:12:26","modified_gmt":"2024-10-18T08:12:26","slug":"la-sede","status":"publish","type":"page","link":"https:\/\/consmadrid.esteri.it\/es\/chi-siamo\/la-sede\/","title":{"rendered":"Sede"},"content":{"rendered":"<p>El inmueble que acoge el Consulado General es un edificio hist\u00f3rico ubicado en el barrio de Chamber\u00ed, una zona de Madrid de gran belleza y variedad arquitect\u00f3nica. El palacio fue dise\u00f1ado en 1911 por el arquitecto Joaqu\u00edn Salda\u00f1a L\u00f3pez y se construy\u00f3 entre 1911 y 1914. En esa \u00e9poca fue la residencia del <strong>Conde de Santa Coloma<\/strong>, Don Enrique de Queralt y Fern\u00e1ndez Maquieira (1867-1933), noble madrile\u00f1o y senador de origen catal\u00e1n.<\/p>\n<p>En el a\u00f1o 1940 el palacio fue adquirido por el Gobierno italiano inicialmente como sede de la Escuela Estatal Italiana de Madrid y, posteriormente, en los a\u00f1os ochenta, para ubicar las oficinas consulares.<\/p>\n<p>La zona en la que se encuentra el consulado, llamada\u00a0<strong>Los Nuevos Ministerios<\/strong>, se ha convertido en el centro de m\u00faltiples actividades del colectivo italiano de Madrid. Aqu\u00ed se pueden encontrar tambi\u00e9n numerosos bares, cafeter\u00edas y restaurantes de estilo y cocina italianos, as\u00ed como tiendas de productos t\u00edpicos de nuestro pa\u00eds.<\/p>\n<p>&nbsp;<\/p>\n<p><strong>Un poco de historia del Consulado<\/strong><\/p>\n<p>Hasta los a\u00f1os setenta las oficinas del\u00a0 Consulado de Italia de Madrid se encontraban en un peque\u00f1o local situado en un bajo, en el centro de la ciudad. Esa peque\u00f1a oficina era m\u00e1s que suficiente para atender las necesidades de los italianos que viv\u00edan en aquella \u00e9poca en Espa\u00f1a. Sin embargo, en pocos a\u00f1os, debido a la apertura de Espa\u00f1a hacia el exterior, la colectividad italiana empez\u00f3 a experimentar un crecimiento notable, haciendo necesario encontrar un inmueble m\u00e1s amplio y situado en una zona m\u00e1s tranquila y accesible. Atendiendo a estas necesidades, a principios de los a\u00f1os ochenta el Gobierno italiano decidi\u00f3 trasladar la sede consular al palacio de Santa Coloma, adquirido en el a\u00f1o 1940 para otros usos. La decisi\u00f3n fue un gran acierto: el edificio est\u00e1 situado estrat\u00e9gicamente cerca del <strong>Paseo de la Castellana<\/strong>\u00a0&#8211; considerada la avenida m\u00e1s importante de la ciudad &#8211; y en la confluencia de las calles\u00a0<strong>R\u00edos Rosas<\/strong>\u00a0y de\u00a0<strong>Agust\u00edn de Betancourt y Molina<\/strong>, \u00e9sta \u00faltima dedicada a un importante cient\u00edfico, inventor e ingeniero civil espa\u00f1ol, que vivi\u00f3 entre los siglos XVIII y XIX.<\/p>\n","protected":false},"excerpt":{"rendered":"El inmueble que acoge el Consulado General es un edificio hist\u00f3rico ubicado en el barrio de Chamber\u00ed, una zona de Madrid de gran belleza y variedad arquitect\u00f3nica. El palacio fue dise\u00f1ado en 1911 por el arquitecto Joaqu\u00edn Salda\u00f1a L\u00f3pez y se construy\u00f3 entre 1911 y 1914. En esa \u00e9poca fue la residencia del Conde de [&hellip;]","protected":false},"author":1,"featured_media":0,"parent":149,"menu_order":2,"comment_status":"closed","ping_status":"closed","template":"","meta":{"footnotes":""},"class_list":["post-151","page","type-page","status-publish","hentry"],"_links":{"self":[{"href":"https:\/\/consmadrid.esteri.it\/es\/wp-json\/wp\/v2\/pages\/151","targetHints":{"allow":["GET"]}}],"collection":[{"href":"https:\/\/consmadrid.esteri.it\/es\/wp-json\/wp\/v2\/pages"}],"about":[{"href":"https:\/\/consmadrid.esteri.it\/es\/wp-json\/wp\/v2\/types\/page"}],"author":[{"embeddable":true,"href":"https:\/\/consmadrid.esteri.it\/es\/wp-json\/wp\/v2\/users\/1"}],"replies":[{"embeddable":true,"href":"https:\/\/consmadrid.esteri.it\/es\/wp-json\/wp\/v2\/comments?post=151"}],"version-history":[{"count":4,"href":"https:\/\/consmadrid.esteri.it\/es\/wp-json\/wp\/v2\/pages\/151\/revisions"}],"predecessor-version":[{"id":4731,"href":"https:\/\/consmadrid.esteri.it\/es\/wp-json\/wp\/v2\/pages\/151\/revisions\/4731"}],"up":[{"embeddable":true,"href":"https:\/\/consmadrid.esteri.it\/es\/wp-json\/wp\/v2\/pages\/149"}],"wp:attachment":[{"href":"https:\/\/consmadrid.esteri.it\/es\/wp-json\/wp\/v2\/media?parent=151"}],"curies":[{"name":"wp","href":"https:\/\/api.w.org\/{rel}","templated":true}]}}